{"id":18,"date":"2023-10-31T09:31:57","date_gmt":"2023-10-31T08:31:57","guid":{"rendered":"https:\/\/reflexologieetcie.fr\/?page_id=18"},"modified":"2025-12-04T10:50:29","modified_gmt":"2025-12-04T09:50:29","slug":"qui-suis-je","status":"publish","type":"page","link":"https:\/\/reflexologieetcie.fr\/index.php\/qui-suis-je\/","title":{"rendered":"Qui suis-je ?"},"content":{"rendered":"\t\t<div data-elementor-type=\"wp-page\" data-elementor-id=\"18\" class=\"elementor elementor-18\">\n\t\t\t\t<div class=\"elementor-element elementor-element-7814968 e-flex e-con-boxed e-con e-parent\" data-id=\"7814968\" data-element_type=\"container\" data-settings=\"{&quot;background_background&quot;:&quot;classic&quot;}\">\n\t\t\t\t\t<div class=\"e-con-inner\">\n\t\t\t\t<div class=\"elementor-element elementor-element-76ca581 elementor-widget elementor-widget-heading\" data-id=\"76ca581\" data-element_type=\"widget\" data-widget_type=\"heading.default\">\n\t\t\t\t<div class=\"elementor-widget-container\">\n\t\t\t\t\t<h2 class=\"elementor-heading-title elementor-size-default\">Cathy Leparoux <\/h2>\t\t\t\t<\/div>\n\t\t\t\t<\/div>\n\t\t\t\t<div class=\"elementor-element elementor-element-a5b095e elementor-widget elementor-widget-heading\" data-id=\"a5b095e\" data-element_type=\"widget\" data-widget_type=\"heading.default\">\n\t\t\t\t<div class=\"elementor-widget-container\">\n\t\t\t\t\t<h2 class=\"elementor-heading-title elementor-size-default\">Th\u00e9rapeute du corps et de l'\u00e2me<\/h2>\t\t\t\t<\/div>\n\t\t\t\t<\/div>\n\t\t\t\t\t<\/div>\n\t\t\t\t<\/div>\n\t\t<div class=\"elementor-element elementor-element-3a7f0ea e-flex e-con-boxed e-con e-parent\" data-id=\"3a7f0ea\" data-element_type=\"container\" data-settings=\"{&quot;background_background&quot;:&quot;classic&quot;}\">\n\t\t\t\t\t<div class=\"e-con-inner\">\n\t\t\t\t<div class=\"elementor-element elementor-element-bdaa45f elementor-widget elementor-widget-image\" data-id=\"bdaa45f\" data-element_type=\"widget\" data-widget_type=\"image.default\">\n\t\t\t\t<div class=\"elementor-widget-container\">\n\t\t\t\t\t\t\t\t\t\t\t\t\t\t\t<img fetchpriority=\"high\" decoding=\"async\" width=\"300\" height=\"300\" src=\"https:\/\/reflexologieetcie.fr\/wp-content\/uploads\/2025\/07\/Photo-3-300x300.png\" class=\"attachment-medium size-medium wp-image-2527\" alt=\"\" srcset=\"https:\/\/reflexologieetcie.fr\/wp-content\/uploads\/2025\/07\/Photo-3-300x300.png 300w, https:\/\/reflexologieetcie.fr\/wp-content\/uploads\/2025\/07\/Photo-3-1024x1024.png 1024w, https:\/\/reflexologieetcie.fr\/wp-content\/uploads\/2025\/07\/Photo-3-150x150.png 150w, https:\/\/reflexologieetcie.fr\/wp-content\/uploads\/2025\/07\/Photo-3-768x768.png 768w, https:\/\/reflexologieetcie.fr\/wp-content\/uploads\/2025\/07\/Photo-3-600x600.png 600w, https:\/\/reflexologieetcie.fr\/wp-content\/uploads\/2025\/07\/Photo-3-100x100.png 100w, https:\/\/reflexologieetcie.fr\/wp-content\/uploads\/2025\/07\/Photo-3.png 1080w\" sizes=\"(max-width: 300px) 100vw, 300px\" \/>\t\t\t\t\t\t\t\t\t\t\t\t\t\t\t<\/div>\n\t\t\t\t<\/div>\n\t\t\t\t\t<\/div>\n\t\t\t\t<\/div>\n\t\t<div class=\"elementor-element elementor-element-66ac71a e-flex e-con-boxed e-con e-parent\" data-id=\"66ac71a\" data-element_type=\"container\" data-settings=\"{&quot;background_background&quot;:&quot;classic&quot;}\">\n\t\t\t\t\t<div class=\"e-con-inner\">\n\t\t<div class=\"elementor-element elementor-element-fca6bc8 e-con-full e-flex e-con e-child\" data-id=\"fca6bc8\" data-element_type=\"container\">\n\t\t\t\t<div class=\"elementor-element elementor-element-6001068 elementor-widget__width-initial elementor-widget elementor-widget-text-editor\" data-id=\"6001068\" data-element_type=\"widget\" data-widget_type=\"text-editor.default\">\n\t\t\t\t<div class=\"elementor-widget-container\">\n\t\t\t\t\t\t\t\t\t<p><span style=\"text-decoration: underline;\"><strong data-start=\"168\" data-end=\"182\">Th\u00e9rapeute<\/strong><\/span><br data-start=\"182\" data-end=\"185\" \/>J\u2019aide les personnes en qu\u00eate de mieux-\u00eatre \u00e0 se lib\u00e9rer de leurs blocages physiques, \u00e9motionnels et \u00e9nerg\u00e9tiques par la r\u00e9flexologie, mon intuition et le magn\u00e9tisme.<\/p><p data-start=\"365\" data-end=\"528\"><span style=\"text-decoration: underline;\"><strong data-start=\"368\" data-end=\"377\">Mon Livre<\/strong><\/span><br data-start=\"377\" data-end=\"380\" \/>J\u2019aide les personnes \u00e0 retrouver \u00e9quilibre, s\u00e9r\u00e9nit\u00e9 et \u00e9nergie, par mon livre inspirant qui guide leur chemin de gu\u00e9rison et d\u2019\u00e9coute du corps.<\/p><p data-start=\"530\" data-end=\"689\"><span style=\"text-decoration: underline;\"><strong data-start=\"533\" data-end=\"544\">Mes Oracles<\/strong><\/span><br data-start=\"544\" data-end=\"547\" \/>J\u2019aide les personnes \u00e0 \u00e9clairer leurs d\u00e9cisions et reconnecter leur intuition, par mes oracles th\u00e9rapeutiques et guidances personnalis\u00e9es.<\/p><p data-start=\"862\" data-end=\"1033\"><span style=\"text-decoration: underline;\"><strong>M\u00e9ditations guid\u00e9es<\/strong><\/span><br data-start=\"888\" data-end=\"891\" \/>J\u2019aide les personnes \u00e0 se recentrer, se d\u00e9tendre et retrouver leur \u00e9nergie, par mes m\u00e9ditations guid\u00e9es disponibles sur ma cha\u00eene YouTube @refairebrillersesyeux.<\/p><p data-start=\"862\" data-end=\"1033\"><span style=\"text-decoration: underline;\"><strong data-start=\"694\" data-end=\"716\">Cr\u00e9ations florales<\/strong><\/span><br data-start=\"716\" data-end=\"719\" \/>J\u2019aide \u00e0 embellir votre vie et vos espaces, par des cr\u00e9ations florales d\u00e9licates et uniques.<\/p><p data-start=\"862\" data-end=\"1033\"><span style=\"text-decoration: underline;\"><strong data-start=\"694\" data-end=\"716\">Objets vibratoires<\/strong><\/span><br data-start=\"716\" data-end=\"719\" \/>J\u2019aide \u00e0 nourrir votre \u00e9quilibre int\u00e9rieur, avec des objets vibratoires pens\u00e9s pour apaiser, ancrer et r\u00e9-aligner.\u00a0<\/p>\t\t\t\t\t\t\t\t<\/div>\n\t\t\t\t<\/div>\n\t\t\t\t<\/div>\n\t\t\t\t\t<\/div>\n\t\t\t\t<\/div>\n\t\t<div class=\"elementor-element elementor-element-5375de4 e-con-full e-flex e-con e-parent\" data-id=\"5375de4\" data-element_type=\"container\">\n\t\t\t\t<div class=\"elementor-element elementor-element-86c3e33 elementor-widget__width-initial elementor-align-center elementor-widget elementor-widget-button\" data-id=\"86c3e33\" data-element_type=\"widget\" data-widget_type=\"button.default\">\n\t\t\t\t<div class=\"elementor-widget-container\">\n\t\t\t\t\t\t\t\t\t<div class=\"elementor-button-wrapper\">\n\t\t\t\t\t<a class=\"elementor-button elementor-button-link elementor-size-lg\" href=\"https:\/\/www.youtube.com\/@refairebrillersesyeux\">\n\t\t\t\t\t\t<span class=\"elementor-button-content-wrapper\">\n\t\t\t\t\t\t\t\t\t<span class=\"elementor-button-text\">YouTube \"Refaire briller ses yeux\"<\/span>\n\t\t\t\t\t<\/span>\n\t\t\t\t\t<\/a>\n\t\t\t\t<\/div>\n\t\t\t\t\t\t\t\t<\/div>\n\t\t\t\t<\/div>\n\t\t\t\t<\/div>\n\t\t<div class=\"elementor-element elementor-element-0f68318 e-con-full e-flex e-con e-parent\" data-id=\"0f68318\" data-element_type=\"container\">\n\t\t\t\t<div class=\"elementor-element elementor-element-c8b722c elementor-widget__width-initial elementor-align-center elementor-widget elementor-widget-button\" data-id=\"c8b722c\" data-element_type=\"widget\" data-widget_type=\"button.default\">\n\t\t\t\t<div class=\"elementor-widget-container\">\n\t\t\t\t\t\t\t\t\t<div class=\"elementor-button-wrapper\">\n\t\t\t\t\t<a class=\"elementor-button elementor-button-link elementor-size-lg\" href=\"https:\/\/temp-kkxxnsxyktcrtxxqyqdx.webadorsite.com\/boutique-florale\">\n\t\t\t\t\t\t<span class=\"elementor-button-content-wrapper\">\n\t\t\t\t\t\t\t\t\t<span class=\"elementor-button-text\">Site internet Flor' Design : Cr\u00e9ations<\/span>\n\t\t\t\t\t<\/span>\n\t\t\t\t\t<\/a>\n\t\t\t\t<\/div>\n\t\t\t\t\t\t\t\t<\/div>\n\t\t\t\t<\/div>\n\t\t\t\t<\/div>\n\t\t<div class=\"elementor-element elementor-element-fdb32ca e-flex e-con-boxed e-con e-parent\" data-id=\"fdb32ca\" data-element_type=\"container\" data-settings=\"{&quot;background_background&quot;:&quot;classic&quot;}\">\n\t\t\t\t\t<div class=\"e-con-inner\">\n\t\t\t\t<div class=\"elementor-element elementor-element-fd78e7a elementor-widget elementor-widget-heading\" data-id=\"fd78e7a\" data-element_type=\"widget\" data-widget_type=\"heading.default\">\n\t\t\t\t<div class=\"elementor-widget-container\">\n\t\t\t\t\t<h2 class=\"elementor-heading-title elementor-size-default\">Refaire briller ses yeux<\/h2>\t\t\t\t<\/div>\n\t\t\t\t<\/div>\n\t\t\t\t<div class=\"elementor-element elementor-element-df672ea elementor-widget elementor-widget-text-editor\" data-id=\"df672ea\" data-element_type=\"widget\" data-widget_type=\"text-editor.default\">\n\t\t\t\t<div class=\"elementor-widget-container\">\n\t\t\t\t\t\t\t\t\t<p data-start=\"167\" data-end=\"294\">Parfois, la vie nous invite \u00e0 tout r\u00e9inventer, \u00e0 nous recentrer pour retrouver notre juste place et notre lumi\u00e8re int\u00e9rieure.<\/p><p data-start=\"296\" data-end=\"626\">Apr\u00e8s une \u00e9preuve marquante en 2015, j\u2019ai choisi de me tourner vers l\u2019accompagnement, en m\u00ealant r\u00e9flexologie, magn\u00e9tisme, hypnose et cartomancie intuitive. Ces pratiques m\u2019ont permis de r\u00e9aliser un travail profond sur moi-m\u00eame, de trouver des cl\u00e9s essentielles que je souhaite aujourd\u2019hui partager avec douceur et bienveillance.<\/p><p data-start=\"628\" data-end=\"809\">Ma mission est d\u2019accompagner chacun \u00e0 <strong data-start=\"666\" data-end=\"694\">refaire briller ses yeux<\/strong>, \u00e0 r\u00e9veiller cette lumi\u00e8re et cette joie int\u00e9rieure souvent oubli\u00e9es, \u00e0 retrouver \u00e9quilibre et confiance en soi.<\/p><p data-start=\"811\" data-end=\"950\">Je vous offre un espace de confiance et de lumi\u00e8re pour avancer sur le chemin du bien-\u00eatre, \u00e0 votre rythme, avec douceur et authenticit\u00e9.<\/p><p data-start=\"811\" data-end=\"950\"><strong data-start=\"109\" data-end=\"148\">Pourquoi refaire briller ses yeux ?<\/strong><br data-start=\"148\" data-end=\"151\" \/>Parce qu\u2019un regard \u00e9teint parle souvent d\u2019un c\u0153ur fatigu\u00e9. Quand on perd l\u2019envie, la joie ou le sens, nos yeux le montrent. Refaire briller ses yeux, c\u2019est choisir de se remettre au centre de sa vie. C\u2019est dire oui \u00e0 soi, \u00e0 ses envies, \u00e0 sa lumi\u00e8re.\u00a0Ce n\u2019est pas magique, mais c\u2019est possible. Par un accompagnement, une \u00e9coute, une prise de conscience\u2026 on rouvre doucement les portes.<br data-start=\"537\" data-end=\"540\" \/>Et un jour, le regard change. Il y a \u00e0 nouveau une \u00e9tincelle.<\/p>\t\t\t\t\t\t\t\t<\/div>\n\t\t\t\t<\/div>\n\t\t\t\t\t<\/div>\n\t\t\t\t<\/div>\n\t\t<div class=\"elementor-element elementor-element-b3ebc59 e-flex e-con-boxed e-con e-parent\" data-id=\"b3ebc59\" data-element_type=\"container\" data-settings=\"{&quot;background_background&quot;:&quot;classic&quot;}\">\n\t\t\t\t\t<div class=\"e-con-inner\">\n\t\t<div class=\"elementor-element elementor-element-856e618 e-con-full e-flex e-con e-child\" data-id=\"856e618\" data-element_type=\"container\">\n\t\t\t\t<div class=\"elementor-element elementor-element-41c074f elementor-widget elementor-widget-heading\" data-id=\"41c074f\" data-element_type=\"widget\" data-widget_type=\"heading.default\">\n\t\t\t\t<div class=\"elementor-widget-container\">\n\t\t\t\t\t<h2 class=\"elementor-heading-title elementor-size-default\">Mes formations<\/h2>\t\t\t\t<\/div>\n\t\t\t\t<\/div>\n\t\t\t\t<div class=\"elementor-element elementor-element-806c60b elementor-widget elementor-widget-text-editor\" data-id=\"806c60b\" data-element_type=\"widget\" data-widget_type=\"text-editor.default\">\n\t\t\t\t<div class=\"elementor-widget-container\">\n\t\t\t\t\t\t\t\t\t<div class=\"ip_contenu2 ip_contenu\"><div id=\"content\" class=\"ok-anime\"><div class=\"region region-content\"><div id=\"block-system-main\" class=\"block block-system\"><div class=\"content\"><div class=\"ds-1col node node-d-page-rubrique node-promoted view-mode-full clearfix\"><div class=\"field field-name-body field-type-text-with-summary field-label-hidden\"><div class=\"field-items\"><div class=\"field-item even\"><p>* Formation de 15 mois au centre de r<strong>\u00e9flexologie plantaire et palmaire<\/strong> de Maryl\u00e8ne Bertin (le centre est membre de la f\u00e9d\u00e9ration francophone des praticiens et enseignants en r\u00e9flexologie)<\/p><p>* Formation en <strong>Hypnose Ericksonienne <\/strong>et\u00a0\u00a0\u00ab\u00a0<strong>retour \u00e0 la source<\/strong>\u00ab\u00a0<\/p><p>* Formation <strong>Magn\u00e9tisme et soins \u00e9nerg\u00e9tiques<\/strong>\u00a0<\/p><p>* Formation aux <strong>Diapasons th\u00e9rapeutiques<\/strong><\/p><p>*\u00a0Formation d&rsquo;instructrice en <strong>Massage corporel pour b\u00e9b\u00e9s et enfants<\/strong><\/p><p>*\u00a0Formation approfondie en r\u00e9flexologie plantaire adapt\u00e9e aux <strong>Femmes enceintes<\/strong><\/p><p>* Formation d&rsquo;initiation aux h<strong>uiles essentielles<\/strong>\u00a0appliqu\u00e9es \u00e0 la r\u00e9flexologie<\/p><p>* Formation p<strong>raticien en massage cr\u00e2nien\u00a0<\/strong>et m<strong>assage du visage<\/strong><\/p><p data-start=\"102\" data-end=\"343\"><strong data-start=\"102\" data-end=\"343\">\u00ab\u00a0Au fil du temps, ma passion pour ce m\u00e9tier ne cesse de grandir. J\u2019ai suivi de nombreuses formations, et je continue d\u2019enrichir mes connaissances avec enthousiasme, guid\u00e9e par l\u2019envie de toujours mieux accompagner chacun sur son chemin.\u00a0\u00bb<\/strong><\/p><\/div><\/div><\/div><div class=\"field field-name-ov-code-soundcloud field-type-ds field-label-hidden\"><div class=\"field-items\"><div class=\"field-item even\"><div class=\"view view-ov-bloc-soundcloud view-id-ov_bloc_soundcloud view-display-id-block view-dom-id-dd4345e70724c01dd2e1008c24986483\"><div class=\"view-content\"><div class=\"views-row views-row-1 views-row-odd views-row-first views-row-last\"><div class=\"views-field views-field-php\">\u00a0<\/div><\/div><\/div><\/div><\/div><\/div><\/div><\/div><\/div><\/div><div id=\"block-block-65\" class=\"block block-block\"><div class=\"content\"><div id=\"ov_partage_social\"><div id=\"ov_partage_logo\" class=\"bo-color-PTE1\">\u00a0<\/div><\/div><\/div><\/div><\/div><\/div><\/div><div class=\"ip_contenu3 ip_contenu\">\u00a0<\/div>\t\t\t\t\t\t\t\t<\/div>\n\t\t\t\t<\/div>\n\t\t\t\t<\/div>\n\t\t\t\t\t<\/div>\n\t\t\t\t<\/div>\n\t\t\t\t<\/div>\n\t\t","protected":false},"excerpt":{"rendered":"<p>Cathy Leparoux Th\u00e9rapeute du corps et de l&rsquo;\u00e2me Th\u00e9rapeuteJ\u2019aide les personnes en qu\u00eate de mieux-\u00eatre \u00e0 se lib\u00e9rer de leurs blocages physiques, \u00e9motionnels et \u00e9nerg\u00e9tiques par la r\u00e9flexologie, mon intuition et le magn\u00e9tisme. Mon LivreJ\u2019aide les personnes \u00e0 retrouver \u00e9quilibre, s\u00e9r\u00e9nit\u00e9 et \u00e9nergie, par mon livre inspirant qui guide leur chemin de gu\u00e9rison et d\u2019\u00e9coute [&hellip;]<\/p>\n","protected":false},"author":1,"featured_media":0,"parent":0,"menu_order":0,"comment_status":"closed","ping_status":"closed","template":"","meta":{"footnotes":""},"class_list":["post-18","page","type-page","status-publish","hentry","entry","owp-thumbs-layout-horizontal","owp-btn-big","owp-tabs-layout-horizontal","has-no-thumbnails","has-product-nav"],"yoast_head":"<!-- This site is optimized with the Yoast SEO plugin v25.9 - https:\/\/yoast.com\/wordpress\/plugins\/seo\/ -->\n<title>Qui suis-je ? - R\u00e9flexologieetcie<\/title>\n<meta name=\"robots\" content=\"index, follow, max-snippet:-1, max-image-preview:large, max-video-preview:-1\" \/>\n<link rel=\"canonical\" href=\"https:\/\/reflexologieetcie.fr\/index.php\/qui-suis-je\/\" \/>\n<meta property=\"og:locale\" content=\"fr_FR\" \/>\n<meta property=\"og:type\" content=\"article\" \/>\n<meta property=\"og:title\" content=\"Qui suis-je ? - R\u00e9flexologieetcie\" \/>\n<meta property=\"og:description\" content=\"Cathy Leparoux Th\u00e9rapeute du corps et de l&rsquo;\u00e2me Th\u00e9rapeuteJ\u2019aide les personnes en qu\u00eate de mieux-\u00eatre \u00e0 se lib\u00e9rer de leurs blocages physiques, \u00e9motionnels et \u00e9nerg\u00e9tiques par la r\u00e9flexologie, mon intuition et le magn\u00e9tisme. Mon LivreJ\u2019aide les personnes \u00e0 retrouver \u00e9quilibre, s\u00e9r\u00e9nit\u00e9 et \u00e9nergie, par mon livre inspirant qui guide leur chemin de gu\u00e9rison et d\u2019\u00e9coute [&hellip;]\" \/>\n<meta property=\"og:url\" content=\"https:\/\/reflexologieetcie.fr\/index.php\/qui-suis-je\/\" \/>\n<meta property=\"og:site_name\" content=\"R\u00e9flexologieetcie\" \/>\n<meta property=\"article:modified_time\" content=\"2025-12-04T09:50:29+00:00\" \/>\n<meta property=\"og:image\" content=\"https:\/\/reflexologieetcie.fr\/wp-content\/uploads\/2025\/07\/Photo-3.png\" \/>\n\t<meta property=\"og:image:width\" content=\"1080\" \/>\n\t<meta property=\"og:image:height\" content=\"1080\" \/>\n\t<meta property=\"og:image:type\" content=\"image\/png\" \/>\n<meta name=\"twitter:card\" content=\"summary_large_image\" \/>\n<meta name=\"twitter:label1\" content=\"Dur\u00e9e de lecture estim\u00e9e\" \/>\n\t<meta name=\"twitter:data1\" content=\"3 minutes\" \/>\n<script type=\"application\/ld+json\" class=\"yoast-schema-graph\">{\"@context\":\"https:\/\/schema.org\",\"@graph\":[{\"@type\":\"WebPage\",\"@id\":\"https:\/\/reflexologieetcie.fr\/index.php\/qui-suis-je\/\",\"url\":\"https:\/\/reflexologieetcie.fr\/index.php\/qui-suis-je\/\",\"name\":\"Qui suis-je ? - R\u00e9flexologieetcie\",\"isPartOf\":{\"@id\":\"https:\/\/reflexologieetcie.fr\/#website\"},\"primaryImageOfPage\":{\"@id\":\"https:\/\/reflexologieetcie.fr\/index.php\/qui-suis-je\/#primaryimage\"},\"image\":{\"@id\":\"https:\/\/reflexologieetcie.fr\/index.php\/qui-suis-je\/#primaryimage\"},\"thumbnailUrl\":\"https:\/\/reflexologieetcie.fr\/wp-content\/uploads\/2025\/07\/Photo-3-300x300.png\",\"datePublished\":\"2023-10-31T08:31:57+00:00\",\"dateModified\":\"2025-12-04T09:50:29+00:00\",\"breadcrumb\":{\"@id\":\"https:\/\/reflexologieetcie.fr\/index.php\/qui-suis-je\/#breadcrumb\"},\"inLanguage\":\"fr-FR\",\"potentialAction\":[{\"@type\":\"ReadAction\",\"target\":[\"https:\/\/reflexologieetcie.fr\/index.php\/qui-suis-je\/\"]}]},{\"@type\":\"ImageObject\",\"inLanguage\":\"fr-FR\",\"@id\":\"https:\/\/reflexologieetcie.fr\/index.php\/qui-suis-je\/#primaryimage\",\"url\":\"https:\/\/reflexologieetcie.fr\/wp-content\/uploads\/2025\/07\/Photo-3.png\",\"contentUrl\":\"https:\/\/reflexologieetcie.fr\/wp-content\/uploads\/2025\/07\/Photo-3.png\",\"width\":1080,\"height\":1080},{\"@type\":\"BreadcrumbList\",\"@id\":\"https:\/\/reflexologieetcie.fr\/index.php\/qui-suis-je\/#breadcrumb\",\"itemListElement\":[{\"@type\":\"ListItem\",\"position\":1,\"name\":\"Accueil\",\"item\":\"https:\/\/reflexologieetcie.fr\/\"},{\"@type\":\"ListItem\",\"position\":2,\"name\":\"Qui suis-je ?\"}]},{\"@type\":\"WebSite\",\"@id\":\"https:\/\/reflexologieetcie.fr\/#website\",\"url\":\"https:\/\/reflexologieetcie.fr\/\",\"name\":\"R\u00e9flexologieetcie\",\"description\":\"Un site utilisant WordPress\",\"potentialAction\":[{\"@type\":\"SearchAction\",\"target\":{\"@type\":\"EntryPoint\",\"urlTemplate\":\"https:\/\/reflexologieetcie.fr\/?s={search_term_string}\"},\"query-input\":{\"@type\":\"PropertyValueSpecification\",\"valueRequired\":true,\"valueName\":\"search_term_string\"}}],\"inLanguage\":\"fr-FR\"}]}<\/script>\n<!-- \/ Yoast SEO plugin. -->","yoast_head_json":{"title":"Qui suis-je ? - R\u00e9flexologieetcie","robots":{"index":"index","follow":"follow","max-snippet":"max-snippet:-1","max-image-preview":"max-image-preview:large","max-video-preview":"max-video-preview:-1"},"canonical":"https:\/\/reflexologieetcie.fr\/index.php\/qui-suis-je\/","og_locale":"fr_FR","og_type":"article","og_title":"Qui suis-je ? - R\u00e9flexologieetcie","og_description":"Cathy Leparoux Th\u00e9rapeute du corps et de l&rsquo;\u00e2me Th\u00e9rapeuteJ\u2019aide les personnes en qu\u00eate de mieux-\u00eatre \u00e0 se lib\u00e9rer de leurs blocages physiques, \u00e9motionnels et \u00e9nerg\u00e9tiques par la r\u00e9flexologie, mon intuition et le magn\u00e9tisme. Mon LivreJ\u2019aide les personnes \u00e0 retrouver \u00e9quilibre, s\u00e9r\u00e9nit\u00e9 et \u00e9nergie, par mon livre inspirant qui guide leur chemin de gu\u00e9rison et d\u2019\u00e9coute [&hellip;]","og_url":"https:\/\/reflexologieetcie.fr\/index.php\/qui-suis-je\/","og_site_name":"R\u00e9flexologieetcie","article_modified_time":"2025-12-04T09:50:29+00:00","og_image":[{"width":1080,"height":1080,"url":"https:\/\/reflexologieetcie.fr\/wp-content\/uploads\/2025\/07\/Photo-3.png","type":"image\/png"}],"twitter_card":"summary_large_image","twitter_misc":{"Dur\u00e9e de lecture estim\u00e9e":"3 minutes"},"schema":{"@context":"https:\/\/schema.org","@graph":[{"@type":"WebPage","@id":"https:\/\/reflexologieetcie.fr\/index.php\/qui-suis-je\/","url":"https:\/\/reflexologieetcie.fr\/index.php\/qui-suis-je\/","name":"Qui suis-je ? - R\u00e9flexologieetcie","isPartOf":{"@id":"https:\/\/reflexologieetcie.fr\/#website"},"primaryImageOfPage":{"@id":"https:\/\/reflexologieetcie.fr\/index.php\/qui-suis-je\/#primaryimage"},"image":{"@id":"https:\/\/reflexologieetcie.fr\/index.php\/qui-suis-je\/#primaryimage"},"thumbnailUrl":"https:\/\/reflexologieetcie.fr\/wp-content\/uploads\/2025\/07\/Photo-3-300x300.png","datePublished":"2023-10-31T08:31:57+00:00","dateModified":"2025-12-04T09:50:29+00:00","breadcrumb":{"@id":"https:\/\/reflexologieetcie.fr\/index.php\/qui-suis-je\/#breadcrumb"},"inLanguage":"fr-FR","potentialAction":[{"@type":"ReadAction","target":["https:\/\/reflexologieetcie.fr\/index.php\/qui-suis-je\/"]}]},{"@type":"ImageObject","inLanguage":"fr-FR","@id":"https:\/\/reflexologieetcie.fr\/index.php\/qui-suis-je\/#primaryimage","url":"https:\/\/reflexologieetcie.fr\/wp-content\/uploads\/2025\/07\/Photo-3.png","contentUrl":"https:\/\/reflexologieetcie.fr\/wp-content\/uploads\/2025\/07\/Photo-3.png","width":1080,"height":1080},{"@type":"BreadcrumbList","@id":"https:\/\/reflexologieetcie.fr\/index.php\/qui-suis-je\/#breadcrumb","itemListElement":[{"@type":"ListItem","position":1,"name":"Accueil","item":"https:\/\/reflexologieetcie.fr\/"},{"@type":"ListItem","position":2,"name":"Qui suis-je ?"}]},{"@type":"WebSite","@id":"https:\/\/reflexologieetcie.fr\/#website","url":"https:\/\/reflexologieetcie.fr\/","name":"R\u00e9flexologieetcie","description":"Un site utilisant WordPress","potentialAction":[{"@type":"SearchAction","target":{"@type":"EntryPoint","urlTemplate":"https:\/\/reflexologieetcie.fr\/?s={search_term_string}"},"query-input":{"@type":"PropertyValueSpecification","valueRequired":true,"valueName":"search_term_string"}}],"inLanguage":"fr-FR"}]}},"_links":{"self":[{"href":"https:\/\/reflexologieetcie.fr\/index.php\/wp-json\/wp\/v2\/pages\/18","targetHints":{"allow":["GET"]}}],"collection":[{"href":"https:\/\/reflexologieetcie.fr\/index.php\/wp-json\/wp\/v2\/pages"}],"about":[{"href":"https:\/\/reflexologieetcie.fr\/index.php\/wp-json\/wp\/v2\/types\/page"}],"author":[{"embeddable":true,"href":"https:\/\/reflexologieetcie.fr\/index.php\/wp-json\/wp\/v2\/users\/1"}],"replies":[{"embeddable":true,"href":"https:\/\/reflexologieetcie.fr\/index.php\/wp-json\/wp\/v2\/comments?post=18"}],"version-history":[{"count":263,"href":"https:\/\/reflexologieetcie.fr\/index.php\/wp-json\/wp\/v2\/pages\/18\/revisions"}],"predecessor-version":[{"id":3279,"href":"https:\/\/reflexologieetcie.fr\/index.php\/wp-json\/wp\/v2\/pages\/18\/revisions\/3279"}],"wp:attachment":[{"href":"https:\/\/reflexologieetcie.fr\/index.php\/wp-json\/wp\/v2\/media?parent=18"}],"curies":[{"name":"wp","href":"https:\/\/api.w.org\/{rel}","templated":true}]}}