{"id":20,"date":"2023-10-31T09:33:09","date_gmt":"2023-10-31T08:33:09","guid":{"rendered":"https:\/\/reflexologieetcie.fr\/?page_id=20"},"modified":"2026-03-19T14:15:55","modified_gmt":"2026-03-19T13:15:55","slug":"seances","status":"publish","type":"page","link":"https:\/\/reflexologieetcie.fr\/index.php\/seances\/","title":{"rendered":"S\u00e9ances"},"content":{"rendered":"\t\t<div data-elementor-type=\"wp-page\" data-elementor-id=\"20\" class=\"elementor elementor-20\">\n\t\t\t\t<div class=\"elementor-element elementor-element-768540b e-flex e-con-boxed e-con e-parent\" data-id=\"768540b\" data-element_type=\"container\">\n\t\t\t\t\t<div class=\"e-con-inner\">\n\t\t<div class=\"elementor-element elementor-element-080543e e-con-full e-flex e-con e-child\" data-id=\"080543e\" data-element_type=\"container\">\n\t\t\t\t<div class=\"elementor-element elementor-element-2f4bf81 elementor-widget__width-initial elementor-widget elementor-widget-image\" data-id=\"2f4bf81\" data-element_type=\"widget\" data-widget_type=\"image.default\">\n\t\t\t\t<div class=\"elementor-widget-container\">\n\t\t\t\t\t\t\t\t\t\t\t\t\t\t\t<img fetchpriority=\"high\" decoding=\"async\" width=\"1024\" height=\"1024\" src=\"https:\/\/reflexologieetcie.fr\/wp-content\/uploads\/2023\/12\/Seance-Adulte-1-1024x1024.png\" class=\"attachment-large size-large wp-image-2597\" alt=\"\" srcset=\"https:\/\/reflexologieetcie.fr\/wp-content\/uploads\/2023\/12\/Seance-Adulte-1-1024x1024.png 1024w, https:\/\/reflexologieetcie.fr\/wp-content\/uploads\/2023\/12\/Seance-Adulte-1-300x300.png 300w, https:\/\/reflexologieetcie.fr\/wp-content\/uploads\/2023\/12\/Seance-Adulte-1-150x150.png 150w, https:\/\/reflexologieetcie.fr\/wp-content\/uploads\/2023\/12\/Seance-Adulte-1-768x768.png 768w, https:\/\/reflexologieetcie.fr\/wp-content\/uploads\/2023\/12\/Seance-Adulte-1-600x600.png 600w, https:\/\/reflexologieetcie.fr\/wp-content\/uploads\/2023\/12\/Seance-Adulte-1-100x100.png 100w, https:\/\/reflexologieetcie.fr\/wp-content\/uploads\/2023\/12\/Seance-Adulte-1.png 1080w\" sizes=\"(max-width: 1024px) 100vw, 1024px\" \/>\t\t\t\t\t\t\t\t\t\t\t\t\t\t\t<\/div>\n\t\t\t\t<\/div>\n\t\t\t\t<\/div>\n\t\t<div class=\"elementor-element elementor-element-2a0abaa e-con-full e-flex e-con e-child\" data-id=\"2a0abaa\" data-element_type=\"container\">\n\t\t\t\t<div class=\"elementor-element elementor-element-50d53cd elementor-widget elementor-widget-text-editor\" data-id=\"50d53cd\" data-element_type=\"widget\" data-widget_type=\"text-editor.default\">\n\t\t\t\t<div class=\"elementor-widget-container\">\n\t\t\t\t\t\t\t\t\t<h4 data-start=\"158\" data-end=\"274\"><strong data-start=\"158\" data-end=\"219\">S\u00e9ance Adulte\u00a0<\/strong><\/h4><p data-start=\"158\" data-end=\"274\"><em>(R\u00e9flexologie, diapasons, hypnose, soin \u00e9nerg\u00e9tique, cartomancie&#8230;)<\/em><\/p><p data-start=\"276\" data-end=\"537\">Un temps pour vous recentrer, rel\u00e2cher, transformer\u2026<br data-start=\"328\" data-end=\"331\" \/>\u2013 Lib\u00e9ration des tensions physiques ou \u00e9motionnelles<br data-start=\"383\" data-end=\"386\" \/>\u2013 Dissolution des blocages conscients ou inconscients<br data-start=\"439\" data-end=\"442\" \/>\u2013 Soulagement des maux du quotidien<br data-start=\"477\" data-end=\"480\" data-is-only-node=\"\" \/>\u2013 Espace d\u2019\u00e9change autour d\u2019une probl\u00e9matique personnelle<\/p>\t\t\t\t\t\t\t\t<\/div>\n\t\t\t\t<\/div>\n\t\t\t\t<\/div>\n\t\t\t\t\t<\/div>\n\t\t\t\t<\/div>\n\t\t<div class=\"elementor-element elementor-element-2096595 e-flex e-con-boxed e-con e-parent\" data-id=\"2096595\" data-element_type=\"container\">\n\t\t\t\t\t<div class=\"e-con-inner\">\n\t\t<div class=\"elementor-element elementor-element-b14d50b e-con-full e-flex e-con e-child\" data-id=\"b14d50b\" data-element_type=\"container\">\n\t\t\t\t<div class=\"elementor-element elementor-element-1b22e52 elementor-widget__width-initial elementor-widget elementor-widget-image\" data-id=\"1b22e52\" data-element_type=\"widget\" data-widget_type=\"image.default\">\n\t\t\t\t<div class=\"elementor-widget-container\">\n\t\t\t\t\t\t\t\t\t\t\t\t\t\t\t<img decoding=\"async\" width=\"1024\" height=\"1024\" src=\"https:\/\/reflexologieetcie.fr\/wp-content\/uploads\/2026\/03\/Seance-Sportif-1024x1024.png\" class=\"attachment-large size-large wp-image-3460\" alt=\"\" srcset=\"https:\/\/reflexologieetcie.fr\/wp-content\/uploads\/2026\/03\/Seance-Sportif-1024x1024.png 1024w, https:\/\/reflexologieetcie.fr\/wp-content\/uploads\/2026\/03\/Seance-Sportif-300x300.png 300w, https:\/\/reflexologieetcie.fr\/wp-content\/uploads\/2026\/03\/Seance-Sportif-150x150.png 150w, https:\/\/reflexologieetcie.fr\/wp-content\/uploads\/2026\/03\/Seance-Sportif-768x768.png 768w, https:\/\/reflexologieetcie.fr\/wp-content\/uploads\/2026\/03\/Seance-Sportif-600x600.png 600w, https:\/\/reflexologieetcie.fr\/wp-content\/uploads\/2026\/03\/Seance-Sportif-100x100.png 100w, https:\/\/reflexologieetcie.fr\/wp-content\/uploads\/2026\/03\/Seance-Sportif.png 1080w\" sizes=\"(max-width: 1024px) 100vw, 1024px\" \/>\t\t\t\t\t\t\t\t\t\t\t\t\t\t\t<\/div>\n\t\t\t\t<\/div>\n\t\t\t\t<\/div>\n\t\t<div class=\"elementor-element elementor-element-b07f9d8 e-con-full e-flex e-con e-child\" data-id=\"b07f9d8\" data-element_type=\"container\">\n\t\t\t\t<div class=\"elementor-element elementor-element-1b4ea13 elementor-widget elementor-widget-text-editor\" data-id=\"1b4ea13\" data-element_type=\"widget\" data-widget_type=\"text-editor.default\">\n\t\t\t\t<div class=\"elementor-widget-container\">\n\t\t\t\t\t\t\t\t\t<h4 data-start=\"158\" data-end=\"274\"><strong data-start=\"158\" data-end=\"219\">S\u00e9ance sp\u00e9cial Sportif&nbsp;<\/strong><\/h4>\n<p data-start=\"211\" data-end=\"336\">Un accompagnement global pour aider votre corps \u00e0 retrouver souplesse, \u00e9nergie et harmonie&#8230; tout en respectant son rythme.<\/p>\n<p data-start=\"406\" data-end=\"752\">\u2013 D\u00e9tente musculaire profonde et r\u00e9cup\u00e9ration physique<br data-start=\"460\" data-end=\"463\">\u2013 Soulagement des tensions, courbatures et douleurs<br data-start=\"514\" data-end=\"517\">\u2013 Am\u00e9lioration de la circulation et de la vitalit\u00e9<br data-start=\"567\" data-end=\"570\">\u2013 Pr\u00e9paration du corps avant une activit\u00e9 sportive<br data-start=\"620\" data-end=\"623\">\u2013 Pr\u00e9vention des blessures et soutien \u00e0 la r\u00e9g\u00e9n\u00e9ration<br data-start=\"678\" data-end=\"681\">\u2013 R\u00e9\u00e9quilibrage \u00e9nerg\u00e9tique pour rester align\u00e9 dans votre pratique<\/p>\t\t\t\t\t\t\t\t<\/div>\n\t\t\t\t<\/div>\n\t\t\t\t<\/div>\n\t\t\t\t\t<\/div>\n\t\t\t\t<\/div>\n\t\t<div class=\"elementor-element elementor-element-433fe4c e-flex e-con-boxed e-con e-parent\" data-id=\"433fe4c\" data-element_type=\"container\">\n\t\t\t\t\t<div class=\"e-con-inner\">\n\t\t<div class=\"elementor-element elementor-element-9b6acd5 e-con-full e-flex e-con e-child\" data-id=\"9b6acd5\" data-element_type=\"container\">\n\t\t\t\t<div class=\"elementor-element elementor-element-3152e52 elementor-widget__width-initial elementor-widget elementor-widget-image\" data-id=\"3152e52\" data-element_type=\"widget\" data-widget_type=\"image.default\">\n\t\t\t\t<div class=\"elementor-widget-container\">\n\t\t\t\t\t\t\t\t\t\t\t\t\t\t\t<img decoding=\"async\" width=\"1024\" height=\"1024\" src=\"https:\/\/reflexologieetcie.fr\/wp-content\/uploads\/2023\/12\/Seance-mineur-1-1024x1024.png\" class=\"attachment-large size-large wp-image-2599\" alt=\"\" srcset=\"https:\/\/reflexologieetcie.fr\/wp-content\/uploads\/2023\/12\/Seance-mineur-1-1024x1024.png 1024w, https:\/\/reflexologieetcie.fr\/wp-content\/uploads\/2023\/12\/Seance-mineur-1-300x300.png 300w, https:\/\/reflexologieetcie.fr\/wp-content\/uploads\/2023\/12\/Seance-mineur-1-150x150.png 150w, https:\/\/reflexologieetcie.fr\/wp-content\/uploads\/2023\/12\/Seance-mineur-1-768x768.png 768w, https:\/\/reflexologieetcie.fr\/wp-content\/uploads\/2023\/12\/Seance-mineur-1-600x600.png 600w, https:\/\/reflexologieetcie.fr\/wp-content\/uploads\/2023\/12\/Seance-mineur-1-100x100.png 100w, https:\/\/reflexologieetcie.fr\/wp-content\/uploads\/2023\/12\/Seance-mineur-1.png 1080w\" sizes=\"(max-width: 1024px) 100vw, 1024px\" \/>\t\t\t\t\t\t\t\t\t\t\t\t\t\t\t<\/div>\n\t\t\t\t<\/div>\n\t\t\t\t<\/div>\n\t\t\t\t<div class=\"elementor-element elementor-element-b09354f elementor-widget__width-initial elementor-widget elementor-widget-text-editor\" data-id=\"b09354f\" data-element_type=\"widget\" data-widget_type=\"text-editor.default\">\n\t\t\t\t<div class=\"elementor-widget-container\">\n\t\t\t\t\t\t\t\t\t<p data-start=\"118\" data-end=\"238\"><strong data-start=\"118\" data-end=\"172\">S\u00e9ance Mineur<\/strong><br data-start=\"172\" data-end=\"175\" \/><em data-start=\"175\" data-end=\"238\">(R\u00e9flexologie, hypnose ou soin \u00e9nerg\u00e9tique selon les besoins)<\/em><\/p><p data-start=\"240\" data-end=\"500\">Un accompagnement doux et adapt\u00e9 pour :<br data-start=\"279\" data-end=\"282\" \/>\u2013 Lib\u00e9rer les tensions accumul\u00e9es<br data-start=\"315\" data-end=\"318\" \/>\u2013 Apaiser les blocages physiques ou \u00e9motionnels<br data-start=\"365\" data-end=\"368\" \/>\u2013 Soulager les petits et grands maux du quotidien<br data-start=\"417\" data-end=\"420\" data-is-only-node=\"\" \/>\u2013 Mettre des mots sur une probl\u00e9matique, dans un espace d\u2019\u00e9coute et de confiance<\/p>\t\t\t\t\t\t\t\t<\/div>\n\t\t\t\t<\/div>\n\t\t<div class=\"elementor-element elementor-element-88a550a e-con-full e-flex e-con e-child\" data-id=\"88a550a\" data-element_type=\"container\">\n\t\t\t\t<\/div>\n\t\t\t\t\t<\/div>\n\t\t\t\t<\/div>\n\t\t<div class=\"elementor-element elementor-element-ec00056 e-flex e-con-boxed e-con e-parent\" data-id=\"ec00056\" data-element_type=\"container\">\n\t\t\t\t\t<div class=\"e-con-inner\">\n\t\t<div class=\"elementor-element elementor-element-e2b18ee e-con-full e-flex e-con e-child\" data-id=\"e2b18ee\" data-element_type=\"container\">\n\t\t\t\t<div class=\"elementor-element elementor-element-a968194 elementor-widget__width-initial elementor-widget elementor-widget-image\" data-id=\"a968194\" data-element_type=\"widget\" data-widget_type=\"image.default\">\n\t\t\t\t<div class=\"elementor-widget-container\">\n\t\t\t\t\t\t\t\t\t\t\t\t\t\t\t<img loading=\"lazy\" decoding=\"async\" width=\"1024\" height=\"1024\" src=\"https:\/\/reflexologieetcie.fr\/wp-content\/uploads\/2023\/12\/Seance-a-distance-2-1024x1024.png\" class=\"attachment-large size-large wp-image-2602\" alt=\"\" srcset=\"https:\/\/reflexologieetcie.fr\/wp-content\/uploads\/2023\/12\/Seance-a-distance-2-1024x1024.png 1024w, https:\/\/reflexologieetcie.fr\/wp-content\/uploads\/2023\/12\/Seance-a-distance-2-300x300.png 300w, https:\/\/reflexologieetcie.fr\/wp-content\/uploads\/2023\/12\/Seance-a-distance-2-150x150.png 150w, https:\/\/reflexologieetcie.fr\/wp-content\/uploads\/2023\/12\/Seance-a-distance-2-768x768.png 768w, https:\/\/reflexologieetcie.fr\/wp-content\/uploads\/2023\/12\/Seance-a-distance-2-600x600.png 600w, https:\/\/reflexologieetcie.fr\/wp-content\/uploads\/2023\/12\/Seance-a-distance-2-100x100.png 100w, https:\/\/reflexologieetcie.fr\/wp-content\/uploads\/2023\/12\/Seance-a-distance-2.png 1080w\" sizes=\"(max-width: 1024px) 100vw, 1024px\" \/>\t\t\t\t\t\t\t\t\t\t\t\t\t\t\t<\/div>\n\t\t\t\t<\/div>\n\t\t\t\t<\/div>\n\t\t<div class=\"elementor-element elementor-element-4e4bf60 e-con-full e-flex e-con e-child\" data-id=\"4e4bf60\" data-element_type=\"container\">\n\t\t\t\t<div class=\"elementor-element elementor-element-da0a027 elementor-widget elementor-widget-text-editor\" data-id=\"da0a027\" data-element_type=\"widget\" data-widget_type=\"text-editor.default\">\n\t\t\t\t<div class=\"elementor-widget-container\">\n\t\t\t\t\t\t\t\t\t<p data-start=\"118\" data-end=\"238\"><strong data-start=\"155\" data-end=\"211\">S\u00e9ance en visio \u2013 Hypnose, magn\u00e9tisme ou cartomancie<\/strong><\/p><p data-start=\"118\" data-end=\"238\">Un accompagnement \u00e0 distance, tout en douceur, pour :<br data-start=\"267\" data-end=\"270\" \/>\u2013 Mettre des mots sur vos maux<br data-start=\"300\" data-end=\"303\" \/>\u2013 Identifier et lib\u00e9rer les blocages \u00e9motionnels ou \u00e9nerg\u00e9tiques<br data-start=\"367\" data-end=\"370\" \/>\u2013 Recevoir des cl\u00e9s de compr\u00e9hension pour avancer avec plus de clart\u00e9 et de s\u00e9r\u00e9nit\u00e9<\/p>\t\t\t\t\t\t\t\t<\/div>\n\t\t\t\t<\/div>\n\t\t\t\t<\/div>\n\t\t\t\t\t<\/div>\n\t\t\t\t<\/div>\n\t\t<div class=\"elementor-element elementor-element-892b535 e-flex e-con-boxed e-con e-parent\" data-id=\"892b535\" data-element_type=\"container\">\n\t\t\t\t\t<div class=\"e-con-inner\">\n\t\t<div class=\"elementor-element elementor-element-5a58e53 e-con-full e-flex e-con e-child\" data-id=\"5a58e53\" data-element_type=\"container\">\n\t\t\t\t<div class=\"elementor-element elementor-element-4c572d3 elementor-widget__width-initial elementor-widget elementor-widget-image\" data-id=\"4c572d3\" data-element_type=\"widget\" data-widget_type=\"image.default\">\n\t\t\t\t<div class=\"elementor-widget-container\">\n\t\t\t\t\t\t\t\t\t\t\t\t\t\t\t<img loading=\"lazy\" decoding=\"async\" width=\"1024\" height=\"1024\" src=\"https:\/\/reflexologieetcie.fr\/wp-content\/uploads\/2023\/12\/Soin-a-distance-1-1024x1024.png\" class=\"attachment-large size-large wp-image-2601\" alt=\"\" srcset=\"https:\/\/reflexologieetcie.fr\/wp-content\/uploads\/2023\/12\/Soin-a-distance-1-1024x1024.png 1024w, https:\/\/reflexologieetcie.fr\/wp-content\/uploads\/2023\/12\/Soin-a-distance-1-300x300.png 300w, https:\/\/reflexologieetcie.fr\/wp-content\/uploads\/2023\/12\/Soin-a-distance-1-150x150.png 150w, https:\/\/reflexologieetcie.fr\/wp-content\/uploads\/2023\/12\/Soin-a-distance-1-768x768.png 768w, https:\/\/reflexologieetcie.fr\/wp-content\/uploads\/2023\/12\/Soin-a-distance-1-600x600.png 600w, https:\/\/reflexologieetcie.fr\/wp-content\/uploads\/2023\/12\/Soin-a-distance-1-100x100.png 100w, https:\/\/reflexologieetcie.fr\/wp-content\/uploads\/2023\/12\/Soin-a-distance-1.png 1080w\" sizes=\"(max-width: 1024px) 100vw, 1024px\" \/>\t\t\t\t\t\t\t\t\t\t\t\t\t\t\t<\/div>\n\t\t\t\t<\/div>\n\t\t\t\t<\/div>\n\t\t<div class=\"elementor-element elementor-element-fedbe1d e-con-full e-flex e-con e-child\" data-id=\"fedbe1d\" data-element_type=\"container\">\n\t\t\t\t<div class=\"elementor-element elementor-element-bb2e1c1 elementor-widget elementor-widget-text-editor\" data-id=\"bb2e1c1\" data-element_type=\"widget\" data-widget_type=\"text-editor.default\">\n\t\t\t\t<div class=\"elementor-widget-container\">\n\t\t\t\t\t\t\t\t\t<p data-start=\"139\" data-end=\"205\"><strong data-start=\"139\" data-end=\"205\">Soin \u00e0 distance \u2013 Sur photo (yeux visibles) avec nom et pr\u00e9nom<\/strong><\/p><p data-start=\"207\" data-end=\"536\">Un soin \u00e9nerg\u00e9tique cibl\u00e9, r\u00e9alis\u00e9 \u00e0 distance, pour apaiser et r\u00e9\u00e9quilibrer le corps et l\u2019esprit.<br data-start=\"304\" data-end=\"307\" \/>Indiqu\u00e9 pour :<br data-start=\"321\" data-end=\"324\" \/>\u2013 Vers intestinaux<br data-start=\"342\" data-end=\"345\" \/>\u2013 Stress, anxi\u00e9t\u00e9, troubles du sommeil<br data-start=\"383\" data-end=\"386\" \/>\u2013 Probl\u00e8mes digestifs, br\u00fblures, affections cutan\u00e9es<br data-start=\"438\" data-end=\"441\" \/>\u2013 Sympt\u00f4mes li\u00e9s aux phases lunaires<br data-start=\"477\" data-end=\"480\" \/>Et bien d\u2019autres d\u00e9s\u00e9quilibres physiques ou \u00e9motionnels. Un temps de soin doux, efficace, accessible o\u00f9 que vous soyez.<\/p>\t\t\t\t\t\t\t\t<\/div>\n\t\t\t\t<\/div>\n\t\t\t\t<\/div>\n\t\t\t\t\t<\/div>\n\t\t\t\t<\/div>\n\t\t<div class=\"elementor-element elementor-element-034bb3d e-flex e-con-boxed e-con e-parent\" data-id=\"034bb3d\" data-element_type=\"container\">\n\t\t\t\t\t<div class=\"e-con-inner\">\n\t\t<div class=\"elementor-element elementor-element-47b1af9 e-con-full e-flex e-con e-child\" data-id=\"47b1af9\" data-element_type=\"container\">\n\t\t\t\t<div class=\"elementor-element elementor-element-8dc3179 elementor-widget__width-initial elementor-widget elementor-widget-image\" data-id=\"8dc3179\" data-element_type=\"widget\" data-widget_type=\"image.default\">\n\t\t\t\t<div class=\"elementor-widget-container\">\n\t\t\t\t\t\t\t\t\t\t\t\t\t\t\t<img loading=\"lazy\" decoding=\"async\" width=\"1024\" height=\"1024\" src=\"https:\/\/reflexologieetcie.fr\/wp-content\/uploads\/2023\/12\/Seance-cartomancie-1-1024x1024.png\" class=\"attachment-large size-large wp-image-2594\" alt=\"\" srcset=\"https:\/\/reflexologieetcie.fr\/wp-content\/uploads\/2023\/12\/Seance-cartomancie-1-1024x1024.png 1024w, https:\/\/reflexologieetcie.fr\/wp-content\/uploads\/2023\/12\/Seance-cartomancie-1-300x300.png 300w, https:\/\/reflexologieetcie.fr\/wp-content\/uploads\/2023\/12\/Seance-cartomancie-1-150x150.png 150w, https:\/\/reflexologieetcie.fr\/wp-content\/uploads\/2023\/12\/Seance-cartomancie-1-768x768.png 768w, https:\/\/reflexologieetcie.fr\/wp-content\/uploads\/2023\/12\/Seance-cartomancie-1-600x600.png 600w, https:\/\/reflexologieetcie.fr\/wp-content\/uploads\/2023\/12\/Seance-cartomancie-1-100x100.png 100w, https:\/\/reflexologieetcie.fr\/wp-content\/uploads\/2023\/12\/Seance-cartomancie-1.png 1080w\" sizes=\"(max-width: 1024px) 100vw, 1024px\" \/>\t\t\t\t\t\t\t\t\t\t\t\t\t\t\t<\/div>\n\t\t\t\t<\/div>\n\t\t\t\t<\/div>\n\t\t<div class=\"elementor-element elementor-element-0a15738 e-con-full e-flex e-con e-child\" data-id=\"0a15738\" data-element_type=\"container\">\n\t\t\t\t<div class=\"elementor-element elementor-element-b760f06 elementor-widget elementor-widget-text-editor\" data-id=\"b760f06\" data-element_type=\"widget\" data-widget_type=\"text-editor.default\">\n\t\t\t\t<div class=\"elementor-widget-container\">\n\t\t\t\t\t\t\t\t\t<p data-start=\"118\" data-end=\"238\">\u00a0<\/p><p data-start=\"118\" data-end=\"238\">\u00a0<\/p><p data-start=\"118\" data-end=\"238\">Offrez-vous un moment d\u2019\u00e9clairage et de guidance : gr\u00e2ce \u00e0 la cartomancie, je vous accompagne pour y voir plus clair dans votre chemin de vie, vos questionnements ou vos choix du c\u0153ur.<\/p>\t\t\t\t\t\t\t\t<\/div>\n\t\t\t\t<\/div>\n\t\t\t\t<\/div>\n\t\t\t\t\t<\/div>\n\t\t\t\t<\/div>\n\t\t<div class=\"elementor-element elementor-element-484fd9a e-flex e-con-boxed e-con e-parent\" data-id=\"484fd9a\" data-element_type=\"container\">\n\t\t\t\t\t<div class=\"e-con-inner\">\n\t\t<div class=\"elementor-element elementor-element-d3280a0 e-con-full e-flex e-con e-child\" data-id=\"d3280a0\" data-element_type=\"container\">\n\t\t\t\t<div class=\"elementor-element elementor-element-4bdc53a elementor-widget__width-initial elementor-widget elementor-widget-image\" data-id=\"4bdc53a\" data-element_type=\"widget\" data-widget_type=\"image.default\">\n\t\t\t\t<div class=\"elementor-widget-container\">\n\t\t\t\t\t\t\t\t\t\t\t\t\t\t\t<img loading=\"lazy\" decoding=\"async\" width=\"1024\" height=\"1024\" src=\"https:\/\/reflexologieetcie.fr\/wp-content\/uploads\/2023\/12\/Relaxant-Adulte-1-1024x1024.png\" class=\"attachment-large size-large wp-image-2596\" alt=\"\" srcset=\"https:\/\/reflexologieetcie.fr\/wp-content\/uploads\/2023\/12\/Relaxant-Adulte-1-1024x1024.png 1024w, https:\/\/reflexologieetcie.fr\/wp-content\/uploads\/2023\/12\/Relaxant-Adulte-1-300x300.png 300w, https:\/\/reflexologieetcie.fr\/wp-content\/uploads\/2023\/12\/Relaxant-Adulte-1-150x150.png 150w, https:\/\/reflexologieetcie.fr\/wp-content\/uploads\/2023\/12\/Relaxant-Adulte-1-768x768.png 768w, https:\/\/reflexologieetcie.fr\/wp-content\/uploads\/2023\/12\/Relaxant-Adulte-1-600x600.png 600w, https:\/\/reflexologieetcie.fr\/wp-content\/uploads\/2023\/12\/Relaxant-Adulte-1-100x100.png 100w, https:\/\/reflexologieetcie.fr\/wp-content\/uploads\/2023\/12\/Relaxant-Adulte-1.png 1080w\" sizes=\"(max-width: 1024px) 100vw, 1024px\" \/>\t\t\t\t\t\t\t\t\t\t\t\t\t\t\t<\/div>\n\t\t\t\t<\/div>\n\t\t\t\t<\/div>\n\t\t<div class=\"elementor-element elementor-element-8fe17c2 e-con-full e-flex e-con e-child\" data-id=\"8fe17c2\" data-element_type=\"container\">\n\t\t\t\t<div class=\"elementor-element elementor-element-a957aad elementor-widget elementor-widget-text-editor\" data-id=\"a957aad\" data-element_type=\"widget\" data-widget_type=\"text-editor.default\">\n\t\t\t\t<div class=\"elementor-widget-container\">\n\t\t\t\t\t\t\t\t\t<h3 data-start=\"167\" data-end=\"209\">Soin relaxant<\/h3><p data-start=\"210\" data-end=\"478\">Offrez-vous une parenth\u00e8se de bien-\u00eatre, pour rel\u00e2cher les tensions, apaiser le mental et retrouver une profonde sensation de calme int\u00e9rieur.<br data-start=\"352\" data-end=\"355\" \/>Ces soins doux et enveloppants vous aident \u00e0 l\u00e2cher prise, \u00e0 harmoniser votre \u00e9nergie et \u00e0 revenir \u00e0 vous, tout simplement.<\/p><p data-start=\"480\" data-end=\"622\"><span style=\"text-decoration: underline;\"><strong>Techniques utilis\u00e9es<\/strong><\/span> : r\u00e9flexologie (pieds, mains, cr\u00e2ne, visage)<\/p><p data-start=\"480\" data-end=\"622\"><span style=\"text-decoration: underline;\"><strong>Pour adultes<\/strong><\/span> : adapt\u00e9s \u00e0 vos besoins du moment<\/p>\t\t\t\t\t\t\t\t<\/div>\n\t\t\t\t<\/div>\n\t\t\t\t<\/div>\n\t\t\t\t\t<\/div>\n\t\t\t\t<\/div>\n\t\t<div class=\"elementor-element elementor-element-6dda54e e-flex e-con-boxed e-con e-parent\" data-id=\"6dda54e\" data-element_type=\"container\">\n\t\t\t\t\t<div class=\"e-con-inner\">\n\t\t<div class=\"elementor-element elementor-element-32b71c8 e-con-full e-flex e-con e-child\" data-id=\"32b71c8\" data-element_type=\"container\">\n\t\t\t\t<div class=\"elementor-element elementor-element-5b4cfa0 elementor-widget__width-initial elementor-widget elementor-widget-image\" data-id=\"5b4cfa0\" data-element_type=\"widget\" data-widget_type=\"image.default\">\n\t\t\t\t<div class=\"elementor-widget-container\">\n\t\t\t\t\t\t\t\t\t\t\t\t\t\t\t<img loading=\"lazy\" decoding=\"async\" width=\"1024\" height=\"1024\" src=\"https:\/\/reflexologieetcie.fr\/wp-content\/uploads\/2023\/12\/Massage-relaxant-ENFANT-1-1-1024x1024.png\" class=\"attachment-large size-large wp-image-2603\" alt=\"\" srcset=\"https:\/\/reflexologieetcie.fr\/wp-content\/uploads\/2023\/12\/Massage-relaxant-ENFANT-1-1-1024x1024.png 1024w, https:\/\/reflexologieetcie.fr\/wp-content\/uploads\/2023\/12\/Massage-relaxant-ENFANT-1-1-300x300.png 300w, https:\/\/reflexologieetcie.fr\/wp-content\/uploads\/2023\/12\/Massage-relaxant-ENFANT-1-1-150x150.png 150w, https:\/\/reflexologieetcie.fr\/wp-content\/uploads\/2023\/12\/Massage-relaxant-ENFANT-1-1-768x768.png 768w, https:\/\/reflexologieetcie.fr\/wp-content\/uploads\/2023\/12\/Massage-relaxant-ENFANT-1-1-600x600.png 600w, https:\/\/reflexologieetcie.fr\/wp-content\/uploads\/2023\/12\/Massage-relaxant-ENFANT-1-1-100x100.png 100w, https:\/\/reflexologieetcie.fr\/wp-content\/uploads\/2023\/12\/Massage-relaxant-ENFANT-1-1.png 1080w\" sizes=\"(max-width: 1024px) 100vw, 1024px\" \/>\t\t\t\t\t\t\t\t\t\t\t\t\t\t\t<\/div>\n\t\t\t\t<\/div>\n\t\t\t\t<\/div>\n\t\t<div class=\"elementor-element elementor-element-819aa5d e-con-full e-flex e-con e-child\" data-id=\"819aa5d\" data-element_type=\"container\">\n\t\t\t\t<div class=\"elementor-element elementor-element-84b6e8b elementor-widget elementor-widget-text-editor\" data-id=\"84b6e8b\" data-element_type=\"widget\" data-widget_type=\"text-editor.default\">\n\t\t\t\t<div class=\"elementor-widget-container\">\n\t\t\t\t\t\t\t\t\t<h3 data-start=\"149\" data-end=\"193\">Soin relaxant pour mineur (-18 ans)<\/h3><p data-start=\"194\" data-end=\"464\">Un moment tout en douceur pour aider votre enfant ou adolescent \u00e0 rel\u00e2cher les tensions, apaiser ses \u00e9motions et retrouver un mieux-\u00eatre global.<br data-start=\"338\" data-end=\"341\" \/>Ce soin personnalis\u00e9 favorise la d\u00e9tente, le recentrage et l\u2019\u00e9quilibre \u00e9motionnel, dans un cadre rassurant et bienveillant.<\/p><p data-start=\"466\" data-end=\"701\"><span style=\"text-decoration: underline;\"><strong>Techniques possibles<\/strong><\/span> : r\u00e9flexologie, soin \u00e9nerg\u00e9tique (adapt\u00e9 \u00e0 l\u2019\u00e2ge et \u00e0 la sensibilit\u00e9 de l\u2019enfant).<\/p><p data-start=\"466\" data-end=\"701\"><span style=\"text-decoration: underline;\"><strong>Id\u00e9al en cas<\/strong> <\/span>de stress, anxi\u00e9t\u00e9, troubles du sommeil, fatigue, hypersensibilit\u00e9 ou p\u00e9riode de transition.<\/p>\t\t\t\t\t\t\t\t<\/div>\n\t\t\t\t<\/div>\n\t\t\t\t<\/div>\n\t\t\t\t\t<\/div>\n\t\t\t\t<\/div>\n\t\t<div class=\"elementor-element elementor-element-c20af27 e-flex e-con-boxed e-con e-parent\" data-id=\"c20af27\" data-element_type=\"container\">\n\t\t\t\t\t<div class=\"e-con-inner\">\n\t\t<div class=\"elementor-element elementor-element-34fd345 e-con-full e-flex e-con e-child\" data-id=\"34fd345\" data-element_type=\"container\">\n\t\t\t\t<div class=\"elementor-element elementor-element-bcd3e29 elementor-widget__width-initial elementor-widget elementor-widget-image\" data-id=\"bcd3e29\" data-element_type=\"widget\" data-widget_type=\"image.default\">\n\t\t\t\t<div class=\"elementor-widget-container\">\n\t\t\t\t\t\t\t\t\t\t\t\t\t\t\t<img loading=\"lazy\" decoding=\"async\" width=\"1024\" height=\"1024\" src=\"https:\/\/reflexologieetcie.fr\/wp-content\/uploads\/2025\/07\/Psycho-genealogie-1024x1024.png\" class=\"attachment-large size-large wp-image-2641\" alt=\"\" srcset=\"https:\/\/reflexologieetcie.fr\/wp-content\/uploads\/2025\/07\/Psycho-genealogie-1024x1024.png 1024w, https:\/\/reflexologieetcie.fr\/wp-content\/uploads\/2025\/07\/Psycho-genealogie-300x300.png 300w, https:\/\/reflexologieetcie.fr\/wp-content\/uploads\/2025\/07\/Psycho-genealogie-150x150.png 150w, https:\/\/reflexologieetcie.fr\/wp-content\/uploads\/2025\/07\/Psycho-genealogie-768x768.png 768w, https:\/\/reflexologieetcie.fr\/wp-content\/uploads\/2025\/07\/Psycho-genealogie-600x600.png 600w, https:\/\/reflexologieetcie.fr\/wp-content\/uploads\/2025\/07\/Psycho-genealogie-100x100.png 100w, https:\/\/reflexologieetcie.fr\/wp-content\/uploads\/2025\/07\/Psycho-genealogie.png 1080w\" sizes=\"(max-width: 1024px) 100vw, 1024px\" \/>\t\t\t\t\t\t\t\t\t\t\t\t\t\t\t<\/div>\n\t\t\t\t<\/div>\n\t\t\t\t<\/div>\n\t\t<div class=\"elementor-element elementor-element-947fdc3 e-con-full e-flex e-con e-child\" data-id=\"947fdc3\" data-element_type=\"container\">\n\t\t\t\t<div class=\"elementor-element elementor-element-fdaff7a elementor-widget elementor-widget-text-editor\" data-id=\"fdaff7a\" data-element_type=\"widget\" data-widget_type=\"text-editor.default\">\n\t\t\t\t<div class=\"elementor-widget-container\">\n\t\t\t\t\t\t\t\t\t<h3 data-start=\"119\" data-end=\"154\">S\u00e9ance de psycho-g\u00e9n\u00e9alogie<\/h3><p data-start=\"155\" data-end=\"408\">Et si certaines de vos blessures ne vous appartenaient pas ?<br data-start=\"215\" data-end=\"218\" \/>La psycho-g\u00e9n\u00e9alogie vous invite \u00e0 explorer votre arbre familial pour mieux comprendre les h\u00e9ritages inconscients, les sch\u00e9mas r\u00e9p\u00e9titifs et les loyaut\u00e9s invisibles qui influencent votre vie.<\/p><p data-start=\"410\" data-end=\"705\">Cette s\u00e9ance vous permet de :<br data-start=\"442\" data-end=\"445\" \/>\u2013 Mettre en lumi\u00e8re les m\u00e9moires familiales \u00e0 l\u2019origine de blocages<br data-start=\"512\" data-end=\"515\" \/>\u2013 Comprendre les liens transg\u00e9n\u00e9rationnels qui vous impactent<br data-start=\"576\" data-end=\"579\" \/>\u2013 Vous lib\u00e9rer en conscience de ce qui ne vous appartient plus<br data-start=\"641\" data-end=\"644\" \/>\u2013 Avancer plus l\u00e9ger(e), align\u00e9(e) avec votre propre histoire<\/p><p data-start=\"707\" data-end=\"903\">Accessible \u00e0 toute personne en qu\u00eate de sens, de gu\u00e9rison int\u00e9rieure ou de reconnexion \u00e0 sa lign\u00e9e.<\/p>\t\t\t\t\t\t\t\t<\/div>\n\t\t\t\t<\/div>\n\t\t\t\t<\/div>\n\t\t\t\t\t<\/div>\n\t\t\t\t<\/div>\n\t\t\t\t<\/div>\n\t\t","protected":false},"excerpt":{"rendered":"<p>S\u00e9ance Adulte\u00a0 (R\u00e9flexologie, diapasons, hypnose, soin \u00e9nerg\u00e9tique, cartomancie&#8230;) Un temps pour vous recentrer, rel\u00e2cher, transformer\u2026\u2013 Lib\u00e9ration des tensions physiques ou \u00e9motionnelles\u2013 Dissolution des blocages conscients ou inconscients\u2013 Soulagement des maux du quotidien\u2013 Espace d\u2019\u00e9change autour d\u2019une probl\u00e9matique personnelle S\u00e9ance sp\u00e9cial Sportif&nbsp; Un accompagnement global pour aider votre corps \u00e0 retrouver souplesse, \u00e9nergie et harmonie&#8230; tout [&hellip;]<\/p>\n","protected":false},"author":1,"featured_media":0,"parent":0,"menu_order":0,"comment_status":"closed","ping_status":"closed","template":"","meta":{"footnotes":""},"class_list":["post-20","page","type-page","status-publish","hentry","entry","owp-thumbs-layout-horizontal","owp-btn-big","owp-tabs-layout-horizontal","has-no-thumbnails","has-product-nav"],"yoast_head":"<!-- This site is optimized with the Yoast SEO plugin v25.9 - https:\/\/yoast.com\/wordpress\/plugins\/seo\/ -->\n<title>S\u00e9ances - R\u00e9flexologieetcie<\/title>\n<meta name=\"robots\" content=\"index, follow, max-snippet:-1, max-image-preview:large, max-video-preview:-1\" \/>\n<link rel=\"canonical\" href=\"https:\/\/reflexologieetcie.fr\/index.php\/seances\/\" \/>\n<meta property=\"og:locale\" content=\"fr_FR\" \/>\n<meta property=\"og:type\" content=\"article\" \/>\n<meta property=\"og:title\" content=\"S\u00e9ances - R\u00e9flexologieetcie\" \/>\n<meta property=\"og:description\" content=\"S\u00e9ance Adulte\u00a0 (R\u00e9flexologie, diapasons, hypnose, soin \u00e9nerg\u00e9tique, cartomancie&#8230;) Un temps pour vous recentrer, rel\u00e2cher, transformer\u2026\u2013 Lib\u00e9ration des tensions physiques ou \u00e9motionnelles\u2013 Dissolution des blocages conscients ou inconscients\u2013 Soulagement des maux du quotidien\u2013 Espace d\u2019\u00e9change autour d\u2019une probl\u00e9matique personnelle S\u00e9ance sp\u00e9cial Sportif&nbsp; Un accompagnement global pour aider votre corps \u00e0 retrouver souplesse, \u00e9nergie et harmonie&#8230; tout [&hellip;]\" \/>\n<meta property=\"og:url\" content=\"https:\/\/reflexologieetcie.fr\/index.php\/seances\/\" \/>\n<meta property=\"og:site_name\" content=\"R\u00e9flexologieetcie\" \/>\n<meta property=\"article:modified_time\" content=\"2026-03-19T13:15:55+00:00\" \/>\n<meta property=\"og:image\" content=\"https:\/\/reflexologieetcie.fr\/wp-content\/uploads\/2023\/12\/Seance-Adulte-1.png\" \/>\n\t<meta property=\"og:image:width\" content=\"1080\" \/>\n\t<meta property=\"og:image:height\" content=\"1080\" \/>\n\t<meta property=\"og:image:type\" content=\"image\/png\" \/>\n<meta name=\"twitter:card\" content=\"summary_large_image\" \/>\n<meta name=\"twitter:label1\" content=\"Dur\u00e9e de lecture estim\u00e9e\" \/>\n\t<meta name=\"twitter:data1\" content=\"5 minutes\" \/>\n<script type=\"application\/ld+json\" class=\"yoast-schema-graph\">{\"@context\":\"https:\/\/schema.org\",\"@graph\":[{\"@type\":\"WebPage\",\"@id\":\"https:\/\/reflexologieetcie.fr\/index.php\/seances\/\",\"url\":\"https:\/\/reflexologieetcie.fr\/index.php\/seances\/\",\"name\":\"S\u00e9ances - R\u00e9flexologieetcie\",\"isPartOf\":{\"@id\":\"https:\/\/reflexologieetcie.fr\/#website\"},\"primaryImageOfPage\":{\"@id\":\"https:\/\/reflexologieetcie.fr\/index.php\/seances\/#primaryimage\"},\"image\":{\"@id\":\"https:\/\/reflexologieetcie.fr\/index.php\/seances\/#primaryimage\"},\"thumbnailUrl\":\"https:\/\/reflexologieetcie.fr\/wp-content\/uploads\/2023\/12\/Seance-Adulte-1-1024x1024.png\",\"datePublished\":\"2023-10-31T08:33:09+00:00\",\"dateModified\":\"2026-03-19T13:15:55+00:00\",\"breadcrumb\":{\"@id\":\"https:\/\/reflexologieetcie.fr\/index.php\/seances\/#breadcrumb\"},\"inLanguage\":\"fr-FR\",\"potentialAction\":[{\"@type\":\"ReadAction\",\"target\":[\"https:\/\/reflexologieetcie.fr\/index.php\/seances\/\"]}]},{\"@type\":\"ImageObject\",\"inLanguage\":\"fr-FR\",\"@id\":\"https:\/\/reflexologieetcie.fr\/index.php\/seances\/#primaryimage\",\"url\":\"https:\/\/reflexologieetcie.fr\/wp-content\/uploads\/2023\/12\/Seance-Adulte-1.png\",\"contentUrl\":\"https:\/\/reflexologieetcie.fr\/wp-content\/uploads\/2023\/12\/Seance-Adulte-1.png\",\"width\":1080,\"height\":1080},{\"@type\":\"BreadcrumbList\",\"@id\":\"https:\/\/reflexologieetcie.fr\/index.php\/seances\/#breadcrumb\",\"itemListElement\":[{\"@type\":\"ListItem\",\"position\":1,\"name\":\"Accueil\",\"item\":\"https:\/\/reflexologieetcie.fr\/\"},{\"@type\":\"ListItem\",\"position\":2,\"name\":\"S\u00e9ances\"}]},{\"@type\":\"WebSite\",\"@id\":\"https:\/\/reflexologieetcie.fr\/#website\",\"url\":\"https:\/\/reflexologieetcie.fr\/\",\"name\":\"R\u00e9flexologieetcie\",\"description\":\"Un site utilisant WordPress\",\"potentialAction\":[{\"@type\":\"SearchAction\",\"target\":{\"@type\":\"EntryPoint\",\"urlTemplate\":\"https:\/\/reflexologieetcie.fr\/?s={search_term_string}\"},\"query-input\":{\"@type\":\"PropertyValueSpecification\",\"valueRequired\":true,\"valueName\":\"search_term_string\"}}],\"inLanguage\":\"fr-FR\"}]}<\/script>\n<!-- \/ Yoast SEO plugin. -->","yoast_head_json":{"title":"S\u00e9ances - R\u00e9flexologieetcie","robots":{"index":"index","follow":"follow","max-snippet":"max-snippet:-1","max-image-preview":"max-image-preview:large","max-video-preview":"max-video-preview:-1"},"canonical":"https:\/\/reflexologieetcie.fr\/index.php\/seances\/","og_locale":"fr_FR","og_type":"article","og_title":"S\u00e9ances - R\u00e9flexologieetcie","og_description":"S\u00e9ance Adulte\u00a0 (R\u00e9flexologie, diapasons, hypnose, soin \u00e9nerg\u00e9tique, cartomancie&#8230;) Un temps pour vous recentrer, rel\u00e2cher, transformer\u2026\u2013 Lib\u00e9ration des tensions physiques ou \u00e9motionnelles\u2013 Dissolution des blocages conscients ou inconscients\u2013 Soulagement des maux du quotidien\u2013 Espace d\u2019\u00e9change autour d\u2019une probl\u00e9matique personnelle S\u00e9ance sp\u00e9cial Sportif&nbsp; Un accompagnement global pour aider votre corps \u00e0 retrouver souplesse, \u00e9nergie et harmonie&#8230; tout [&hellip;]","og_url":"https:\/\/reflexologieetcie.fr\/index.php\/seances\/","og_site_name":"R\u00e9flexologieetcie","article_modified_time":"2026-03-19T13:15:55+00:00","og_image":[{"width":1080,"height":1080,"url":"https:\/\/reflexologieetcie.fr\/wp-content\/uploads\/2023\/12\/Seance-Adulte-1.png","type":"image\/png"}],"twitter_card":"summary_large_image","twitter_misc":{"Dur\u00e9e de lecture estim\u00e9e":"5 minutes"},"schema":{"@context":"https:\/\/schema.org","@graph":[{"@type":"WebPage","@id":"https:\/\/reflexologieetcie.fr\/index.php\/seances\/","url":"https:\/\/reflexologieetcie.fr\/index.php\/seances\/","name":"S\u00e9ances - R\u00e9flexologieetcie","isPartOf":{"@id":"https:\/\/reflexologieetcie.fr\/#website"},"primaryImageOfPage":{"@id":"https:\/\/reflexologieetcie.fr\/index.php\/seances\/#primaryimage"},"image":{"@id":"https:\/\/reflexologieetcie.fr\/index.php\/seances\/#primaryimage"},"thumbnailUrl":"https:\/\/reflexologieetcie.fr\/wp-content\/uploads\/2023\/12\/Seance-Adulte-1-1024x1024.png","datePublished":"2023-10-31T08:33:09+00:00","dateModified":"2026-03-19T13:15:55+00:00","breadcrumb":{"@id":"https:\/\/reflexologieetcie.fr\/index.php\/seances\/#breadcrumb"},"inLanguage":"fr-FR","potentialAction":[{"@type":"ReadAction","target":["https:\/\/reflexologieetcie.fr\/index.php\/seances\/"]}]},{"@type":"ImageObject","inLanguage":"fr-FR","@id":"https:\/\/reflexologieetcie.fr\/index.php\/seances\/#primaryimage","url":"https:\/\/reflexologieetcie.fr\/wp-content\/uploads\/2023\/12\/Seance-Adulte-1.png","contentUrl":"https:\/\/reflexologieetcie.fr\/wp-content\/uploads\/2023\/12\/Seance-Adulte-1.png","width":1080,"height":1080},{"@type":"BreadcrumbList","@id":"https:\/\/reflexologieetcie.fr\/index.php\/seances\/#breadcrumb","itemListElement":[{"@type":"ListItem","position":1,"name":"Accueil","item":"https:\/\/reflexologieetcie.fr\/"},{"@type":"ListItem","position":2,"name":"S\u00e9ances"}]},{"@type":"WebSite","@id":"https:\/\/reflexologieetcie.fr\/#website","url":"https:\/\/reflexologieetcie.fr\/","name":"R\u00e9flexologieetcie","description":"Un site utilisant WordPress","potentialAction":[{"@type":"SearchAction","target":{"@type":"EntryPoint","urlTemplate":"https:\/\/reflexologieetcie.fr\/?s={search_term_string}"},"query-input":{"@type":"PropertyValueSpecification","valueRequired":true,"valueName":"search_term_string"}}],"inLanguage":"fr-FR"}]}},"_links":{"self":[{"href":"https:\/\/reflexologieetcie.fr\/index.php\/wp-json\/wp\/v2\/pages\/20","targetHints":{"allow":["GET"]}}],"collection":[{"href":"https:\/\/reflexologieetcie.fr\/index.php\/wp-json\/wp\/v2\/pages"}],"about":[{"href":"https:\/\/reflexologieetcie.fr\/index.php\/wp-json\/wp\/v2\/types\/page"}],"author":[{"embeddable":true,"href":"https:\/\/reflexologieetcie.fr\/index.php\/wp-json\/wp\/v2\/users\/1"}],"replies":[{"embeddable":true,"href":"https:\/\/reflexologieetcie.fr\/index.php\/wp-json\/wp\/v2\/comments?post=20"}],"version-history":[{"count":34,"href":"https:\/\/reflexologieetcie.fr\/index.php\/wp-json\/wp\/v2\/pages\/20\/revisions"}],"predecessor-version":[{"id":3469,"href":"https:\/\/reflexologieetcie.fr\/index.php\/wp-json\/wp\/v2\/pages\/20\/revisions\/3469"}],"wp:attachment":[{"href":"https:\/\/reflexologieetcie.fr\/index.php\/wp-json\/wp\/v2\/media?parent=20"}],"curies":[{"name":"wp","href":"https:\/\/api.w.org\/{rel}","templated":true}]}}