{"id":25,"date":"2023-10-31T09:34:05","date_gmt":"2023-10-31T08:34:05","guid":{"rendered":"https:\/\/reflexologieetcie.fr\/?page_id=25"},"modified":"2025-11-14T14:27:58","modified_gmt":"2025-11-14T13:27:58","slug":"ateliers","status":"publish","type":"page","link":"https:\/\/reflexologieetcie.fr\/index.php\/ateliers\/","title":{"rendered":"Formations"},"content":{"rendered":"\t\t<div data-elementor-type=\"wp-page\" data-elementor-id=\"25\" class=\"elementor elementor-25\">\n\t\t\t\t<div class=\"elementor-element elementor-element-206cd46 e-flex e-con-boxed e-con e-parent\" data-id=\"206cd46\" data-element_type=\"container\">\n\t\t\t\t\t<div class=\"e-con-inner\">\n\t\t\t\t<div class=\"elementor-element elementor-element-692abdc elementor-widget elementor-widget-heading\" data-id=\"692abdc\" data-element_type=\"widget\" data-widget_type=\"heading.default\">\n\t\t\t\t<div class=\"elementor-widget-container\">\n\t\t\t\t\t<h2 class=\"elementor-heading-title elementor-size-large\">Les Formations<\/h2>\t\t\t\t<\/div>\n\t\t\t\t<\/div>\n\t\t\t\t\t<\/div>\n\t\t\t\t<\/div>\n\t\t<div class=\"elementor-element elementor-element-1596af1 e-flex e-con-boxed e-con e-parent\" data-id=\"1596af1\" data-element_type=\"container\">\n\t\t\t\t\t<div class=\"e-con-inner\">\n\t\t<div class=\"elementor-element elementor-element-5c39c8e e-con-full e-flex e-con e-child\" data-id=\"5c39c8e\" data-element_type=\"container\">\n\t\t\t\t<div class=\"elementor-element elementor-element-7657e19 elementor-widget__width-initial elementor-widget elementor-widget-image\" data-id=\"7657e19\" data-element_type=\"widget\" data-widget_type=\"image.default\">\n\t\t\t\t<div class=\"elementor-widget-container\">\n\t\t\t\t\t\t\t\t\t\t\t\t<figure class=\"wp-caption\">\n\t\t\t\t\t\t\t\t\t\t<img fetchpriority=\"high\" decoding=\"async\" width=\"1024\" height=\"1024\" src=\"https:\/\/reflexologieetcie.fr\/wp-content\/uploads\/2025\/11\/Les-Formations-2-1024x1024.png\" class=\"attachment-large size-large wp-image-2991\" alt=\"\" srcset=\"https:\/\/reflexologieetcie.fr\/wp-content\/uploads\/2025\/11\/Les-Formations-2-1024x1024.png 1024w, https:\/\/reflexologieetcie.fr\/wp-content\/uploads\/2025\/11\/Les-Formations-2-300x300.png 300w, https:\/\/reflexologieetcie.fr\/wp-content\/uploads\/2025\/11\/Les-Formations-2-150x150.png 150w, https:\/\/reflexologieetcie.fr\/wp-content\/uploads\/2025\/11\/Les-Formations-2-768x768.png 768w, https:\/\/reflexologieetcie.fr\/wp-content\/uploads\/2025\/11\/Les-Formations-2-600x600.png 600w, https:\/\/reflexologieetcie.fr\/wp-content\/uploads\/2025\/11\/Les-Formations-2-100x100.png 100w, https:\/\/reflexologieetcie.fr\/wp-content\/uploads\/2025\/11\/Les-Formations-2.png 1080w\" sizes=\"(max-width: 1024px) 100vw, 1024px\" \/>\t\t\t\t\t\t\t\t\t\t\t<figcaption class=\"widget-image-caption wp-caption-text\">Formation \u00e0 la journ\u00e9e<\/figcaption>\n\t\t\t\t\t\t\t\t\t\t<\/figure>\n\t\t\t\t\t\t\t\t\t<\/div>\n\t\t\t\t<\/div>\n\t\t\t\t<\/div>\n\t\t\t\t<div class=\"elementor-element elementor-element-7d23e38 elementor-widget elementor-widget-text-editor\" data-id=\"7d23e38\" data-element_type=\"widget\" data-widget_type=\"text-editor.default\">\n\t\t\t\t<div class=\"elementor-widget-container\">\n\t\t\t\t\t\t\t\t\t<div class=\"elementor-element elementor-element-6a93f5a elementor-widget elementor-widget-heading\" data-id=\"6a93f5a\" data-element_type=\"widget\" data-widget_type=\"heading.default\"><div class=\"elementor-widget-container\"><div class=\"elementor-element elementor-element-6a93f5a elementor-widget elementor-widget-heading\" data-id=\"6a93f5a\" data-element_type=\"widget\" data-widget_type=\"heading.default\"><h3 class=\"elementor-widget-container\"><strong data-start=\"271\" data-end=\"334\"><span style=\"text-decoration: underline;\">Le Magn\u00e9tisme et les Soins \u00e9nerg\u00e9tiques<\/span>\u00a0<\/strong><\/h3><p class=\"elementor-widget-container\">Et si vous aviez, vous aussi, ce pouvoir entre les mains ?\u00a0Le magn\u00e9tisme n\u2019est pas r\u00e9serv\u00e9 \u00e0 quelques initi\u00e9s. Nous avons tous une capacit\u00e9 naturelle \u00e0 ressentir, soulager, transmettre de l\u2019\u00e9nergie. Cette\u00a0<strong data-start=\"543\" data-end=\"570\">formation au magn\u00e9tisme<\/strong> vous permet de r\u00e9veiller et d\u2019ancrer ce potentiel, dans le respect, la bienveillance et l\u2019\u00e9thique.<\/p><p class=\"elementor-widget-container\"><span style=\"text-decoration: underline;\"><strong>En petit groupe ou en individuel<\/strong><\/span> : une formation vivante, rythm\u00e9e par des exercices, des partages, et des mises en pratique concr\u00e8tes. Accessible \u00e0 tous, sans pr\u00e9requis ;\u00a0 \u00a0 \u00a0 <strong data-start=\"1469\" data-end=\"1486\">En pr\u00e9sentiel<\/strong> : Tarif : 130 \u20ac\u00a0 \u00a0 \u00a0 \u00a0 \u00a0 \u00a0 \u00a0Dur\u00e9e : 1 journ\u00e9e (9 h \u00e0 16 h 30)<strong data-start=\"271\" data-end=\"334\">\u00a0 \u00a0 \u00a0 \u00a0<\/strong><\/p><\/div><h3 class=\"elementor-widget-container\"><strong data-start=\"271\" data-end=\"334\"><span style=\"text-decoration: underline;\">Initiation \u00e0 la R\u00e9flexologie<\/span><\/strong><\/h3><p class=\"elementor-widget-container\">Avec cette formation d\u2019initiation, partez \u00e0 la d\u00e9couverte de l\u2019automassage avec approche de la r\u00e9flexologie plantaire et de la m\u00e9decine traditionnelle chinoise ! D\u00e9couvrez des gestes simples \u00e0 reproduire sans mod\u00e9ration dans votre vie quotidienne afin de commencez votre journ\u00e9e du bon pied, pour vous d\u00e9tendre ou vous dynamiser selon vos besoins.\u00a0<span style=\"font-size: 14px;\">Accessible \u00e0 tous.\u00a0<\/span><\/p><p class=\"elementor-widget-container\"><strong style=\"font-size: 14px;\">En pr\u00e9sentiel<\/strong><span style=\"font-size: 14px;\"> : Tarif : 130 \u20ac\u00a0 \u00a0 \u00a0 \u00a0 \u00a0 \u00a0 \u00a0 \u00a0 \u00a0 \u00a0 \u00a0 Dur\u00e9e : 1 journ\u00e9e (9 h \u00e0 16 h 30)<\/span><\/p><\/div><\/div>\t\t\t\t\t\t\t\t<\/div>\n\t\t\t\t<\/div>\n\t\t\t\t\t<\/div>\n\t\t\t\t<\/div>\n\t\t<div class=\"elementor-element elementor-element-27bdcd3 e-flex e-con-boxed e-con e-parent\" data-id=\"27bdcd3\" data-element_type=\"container\">\n\t\t\t\t\t<div class=\"e-con-inner\">\n\t\t\t\t<div class=\"elementor-element elementor-element-87fe13d elementor-widget elementor-widget-heading\" data-id=\"87fe13d\" data-element_type=\"widget\" data-widget_type=\"heading.default\">\n\t\t\t\t<div class=\"elementor-widget-container\">\n\t\t\t\t\t<h2 class=\"elementor-heading-title elementor-size-large\">\nLes Ateliers\n<\/h2>\t\t\t\t<\/div>\n\t\t\t\t<\/div>\n\t\t\t\t\t<\/div>\n\t\t\t\t<\/div>\n\t\t<div class=\"elementor-element elementor-element-64eb15f e-flex e-con-boxed e-con e-parent\" data-id=\"64eb15f\" data-element_type=\"container\">\n\t\t\t\t\t<div class=\"e-con-inner\">\n\t\t<div class=\"elementor-element elementor-element-8e3bd52 e-con-full e-flex e-con e-child\" data-id=\"8e3bd52\" data-element_type=\"container\">\n\t\t\t\t<div class=\"elementor-element elementor-element-bf3a4aa elementor-widget__width-initial elementor-widget elementor-widget-image\" data-id=\"bf3a4aa\" data-element_type=\"widget\" data-widget_type=\"image.default\">\n\t\t\t\t<div class=\"elementor-widget-container\">\n\t\t\t\t\t\t\t\t\t\t\t\t<figure class=\"wp-caption\">\n\t\t\t\t\t\t\t\t\t\t<img decoding=\"async\" width=\"1024\" height=\"1024\" src=\"https:\/\/reflexologieetcie.fr\/wp-content\/uploads\/2023\/12\/Les-Ateliers-1024x1024.png\" class=\"attachment-large size-large wp-image-2593\" alt=\"\" srcset=\"https:\/\/reflexologieetcie.fr\/wp-content\/uploads\/2023\/12\/Les-Ateliers-1024x1024.png 1024w, https:\/\/reflexologieetcie.fr\/wp-content\/uploads\/2023\/12\/Les-Ateliers-300x300.png 300w, https:\/\/reflexologieetcie.fr\/wp-content\/uploads\/2023\/12\/Les-Ateliers-150x150.png 150w, https:\/\/reflexologieetcie.fr\/wp-content\/uploads\/2023\/12\/Les-Ateliers-768x768.png 768w, https:\/\/reflexologieetcie.fr\/wp-content\/uploads\/2023\/12\/Les-Ateliers-600x600.png 600w, https:\/\/reflexologieetcie.fr\/wp-content\/uploads\/2023\/12\/Les-Ateliers-100x100.png 100w, https:\/\/reflexologieetcie.fr\/wp-content\/uploads\/2023\/12\/Les-Ateliers.png 1080w\" sizes=\"(max-width: 1024px) 100vw, 1024px\" \/>\t\t\t\t\t\t\t\t\t\t\t<figcaption class=\"widget-image-caption wp-caption-text\">Initiation aux outils \u00e9nerg\u00e9tiques<\/figcaption>\n\t\t\t\t\t\t\t\t\t\t<\/figure>\n\t\t\t\t\t\t\t\t\t<\/div>\n\t\t\t\t<\/div>\n\t\t\t\t<div class=\"elementor-element elementor-element-949e5f4 elementor-widget elementor-widget-image\" data-id=\"949e5f4\" data-element_type=\"widget\" data-widget_type=\"image.default\">\n\t\t\t\t<div class=\"elementor-widget-container\">\n\t\t\t\t\t\t\t\t\t\t\t\t\t\t\t<img decoding=\"async\" width=\"1024\" height=\"1024\" src=\"https:\/\/reflexologieetcie.fr\/wp-content\/uploads\/2025\/07\/Ateliers-bis-2-1024x1024.png\" class=\"attachment-large size-large wp-image-2646\" alt=\"\" srcset=\"https:\/\/reflexologieetcie.fr\/wp-content\/uploads\/2025\/07\/Ateliers-bis-2-1024x1024.png 1024w, https:\/\/reflexologieetcie.fr\/wp-content\/uploads\/2025\/07\/Ateliers-bis-2-300x300.png 300w, https:\/\/reflexologieetcie.fr\/wp-content\/uploads\/2025\/07\/Ateliers-bis-2-150x150.png 150w, https:\/\/reflexologieetcie.fr\/wp-content\/uploads\/2025\/07\/Ateliers-bis-2-768x768.png 768w, https:\/\/reflexologieetcie.fr\/wp-content\/uploads\/2025\/07\/Ateliers-bis-2-600x600.png 600w, https:\/\/reflexologieetcie.fr\/wp-content\/uploads\/2025\/07\/Ateliers-bis-2-100x100.png 100w, https:\/\/reflexologieetcie.fr\/wp-content\/uploads\/2025\/07\/Ateliers-bis-2.png 1080w\" sizes=\"(max-width: 1024px) 100vw, 1024px\" \/>\t\t\t\t\t\t\t\t\t\t\t\t\t\t\t<\/div>\n\t\t\t\t<\/div>\n\t\t\t\t<\/div>\n\t\t<div class=\"elementor-element elementor-element-853b695 e-con-full e-flex e-con e-child\" data-id=\"853b695\" data-element_type=\"container\">\n\t\t\t\t<div class=\"elementor-element elementor-element-debc9b9 elementor-widget elementor-widget-text-editor\" data-id=\"debc9b9\" data-element_type=\"widget\" data-widget_type=\"text-editor.default\">\n\t\t\t\t<div class=\"elementor-widget-container\">\n\t\t\t\t\t\t\t\t\t<div class=\"elementor-element elementor-element-6a93f5a elementor-widget elementor-widget-heading\" data-id=\"6a93f5a\" data-element_type=\"widget\" data-widget_type=\"heading.default\"><div class=\"elementor-widget-container\"><p>\u00a0<u style=\"font-size: 16px;\"><strong>L\u2019hypnose<\/strong><\/u><span style=\"font-size: 16px;\"> :\u00a0Venez faire l\u2019exp\u00e9rience d\u2019un voyage int\u00e9rieur en \u00e9tat hypnotique pour apaiser le mental, lib\u00e9rer les blocages et reconnecter \u00e0 votre puissance douce.<\/span><\/p><\/div><\/div><div class=\"elementor-element elementor-element-c6bd1ce elementor-widget elementor-widget-text-editor\" data-id=\"c6bd1ce\" data-element_type=\"widget\" data-widget_type=\"text-editor.default\"><div class=\"elementor-widget-container\"><p><strong><u>Cartomancie &amp; Oracles<\/u><\/strong> : Initiez-vous aux diff\u00e9rents types d\u2019oracles et apprenez \u00e0 r\u00e9aliser un tirage de guidance, en lien avec votre intuition et votre c\u0153ur. Pour l&rsquo;atelier avec mes oracles, le tarif est \u00e0 49 \u20ac (un oracle offert d&rsquo;une valeur de 21 \u20ac).<\/p><p><u><strong>Le pendule<\/strong><\/u> : D\u00e9couvrez comment utiliser le pendule comme outil de connexion, de clart\u00e9 et de r\u00e9ponse \u00e0 vos questions int\u00e9rieures.<\/p><p><strong><span style=\"text-decoration: underline;\">Synchronicit\u00e9s : co\u00efncidences ou signes du destin<\/span> ? :\u00a0<\/strong>\u00c9changeons ensemble autour des signes, des messages de l\u2019univers et de ces \u00ab\u00a0hasards\u00a0\u00bb qui n\u2019en sont peut-\u00eatre pas\u2026<\/p><p><u><strong>R\u00e9flexologie<\/strong><\/u> :\u00a0Initiez-vous \u00e0 cette th\u00e9rapie douce qui vous reconnecte \u00e0 votre corps. Avec, en cadeau, une s\u00e9ance de 15 minutes pour exp\u00e9rimenter.<\/p><p><u><strong>Fleurs de Bach<\/strong><\/u> :\u00a0Explorez ces \u00e9lixirs floraux vibratoires qui apaisent l\u2019\u00e2me et harmonisent les \u00e9motions. Repartez avec votre flacon personnalis\u00e9.<\/p><p><u><strong>Les liens sacr\u00e9s<\/strong><\/u> :\u00a0\u00c2mes s\u0153urs, flammes jumelles, contrats d\u2019\u00e2me\u2026 Parlons ensemble de ces connexions profondes qui nous transforment.<\/p><p><b><span style=\"text-decoration: underline;\">Le Karma familial, la num\u00e9rologie et le chemin de vie<\/span> :\u00a0<\/b>D\u00e9cryptez simplement les grandes \u00e9tapes de votre parcours de vie et les messages port\u00e9s par votre date de naissance.<\/p><p><span class=\"m_5677258885025017937DefaultFontHxMailStyle\"><b><span style=\"text-decoration: underline;\">L\u2019enfant int\u00e9rieur<\/span> :\u00a0<\/b><\/span><span class=\"m_5677258885025017937DefaultFontHxMailStyle\">Un atelier doux et profond pour \u00e9couter, apaiser et prendre soin de votre enfant int\u00e9rieur, cl\u00e9 de tant de gu\u00e9risons<\/span><\/p><p><span class=\"m_5677258885025017937DefaultFontHxMailStyle\"><b><span style=\"text-decoration: underline;\">La puissance de la Lune<\/span> :\u00a0<\/b><\/span>Comprenez les cycles lunaires, leurs influences, et comment les utiliser pour mieux vous conna\u00eetre et poser vos intentions.<\/p><\/div><\/div>\t\t\t\t\t\t\t\t<\/div>\n\t\t\t\t<\/div>\n\t\t\t\t<\/div>\n\t\t\t\t\t<\/div>\n\t\t\t\t<\/div>\n\t\t<div class=\"elementor-element elementor-element-a4fe528 e-flex e-con-boxed e-con e-parent\" data-id=\"a4fe528\" data-element_type=\"container\">\n\t\t\t\t\t<div class=\"e-con-inner\">\n\t\t<div class=\"elementor-element elementor-element-6595594 e-con-full e-flex e-con e-child\" data-id=\"6595594\" data-element_type=\"container\">\n\t\t\t\t<div class=\"elementor-element elementor-element-bdb3f10 elementor-widget elementor-widget-image\" data-id=\"bdb3f10\" data-element_type=\"widget\" data-widget_type=\"image.default\">\n\t\t\t\t<div class=\"elementor-widget-container\">\n\t\t\t\t\t\t\t\t\t\t\t\t\t\t\t<img loading=\"lazy\" decoding=\"async\" width=\"300\" height=\"300\" src=\"https:\/\/reflexologieetcie.fr\/wp-content\/uploads\/2025\/08\/Atelier-cartomancie-1-300x300.png\" class=\"attachment-medium size-medium wp-image-2727\" alt=\"\" srcset=\"https:\/\/reflexologieetcie.fr\/wp-content\/uploads\/2025\/08\/Atelier-cartomancie-1-300x300.png 300w, https:\/\/reflexologieetcie.fr\/wp-content\/uploads\/2025\/08\/Atelier-cartomancie-1-1024x1024.png 1024w, https:\/\/reflexologieetcie.fr\/wp-content\/uploads\/2025\/08\/Atelier-cartomancie-1-150x150.png 150w, https:\/\/reflexologieetcie.fr\/wp-content\/uploads\/2025\/08\/Atelier-cartomancie-1-768x768.png 768w, https:\/\/reflexologieetcie.fr\/wp-content\/uploads\/2025\/08\/Atelier-cartomancie-1-600x600.png 600w, https:\/\/reflexologieetcie.fr\/wp-content\/uploads\/2025\/08\/Atelier-cartomancie-1-100x100.png 100w, https:\/\/reflexologieetcie.fr\/wp-content\/uploads\/2025\/08\/Atelier-cartomancie-1.png 1080w\" sizes=\"(max-width: 300px) 100vw, 300px\" \/>\t\t\t\t\t\t\t\t\t\t\t\t\t\t\t<\/div>\n\t\t\t\t<\/div>\n\t\t\t\t<\/div>\n\t\t\t\t<div class=\"elementor-element elementor-element-2c88f87 elementor-widget elementor-widget-text-editor\" data-id=\"2c88f87\" data-element_type=\"widget\" data-widget_type=\"text-editor.default\">\n\t\t\t\t<div class=\"elementor-widget-container\">\n\t\t\t\t\t\t\t\t\t<p>Je t\u2019invite \u00e0 mes\u00a0<strong>ateliers de cartomancie de 2 heures<\/strong>\u00a0o\u00f9 je partage avec toi mes oracles uniques, cr\u00e9\u00e9s avec amour et intuition.<\/p><p><strong>Au programme :<\/strong><\/p><p>D\u00e9couvrir les symboliques de chaque carte<\/p><p>Apprendre des tirages simples et puissants<\/p><p>D\u00e9velopper ton intuition et ta connexion int\u00e9rieure<\/p><p>\u00c9changer en groupe bienveillant et inspirant<\/p>\t\t\t\t\t\t\t\t<\/div>\n\t\t\t\t<\/div>\n\t\t\t\t\t<\/div>\n\t\t\t\t<\/div>\n\t\t<div class=\"elementor-element elementor-element-44fd65c e-flex e-con-boxed e-con e-parent\" data-id=\"44fd65c\" data-element_type=\"container\">\n\t\t\t\t\t<div class=\"e-con-inner\">\n\t\t\t\t\t<\/div>\n\t\t\t\t<\/div>\n\t\t\t\t<\/div>\n\t\t","protected":false},"excerpt":{"rendered":"<p>Les Formations Formation \u00e0 la journ\u00e9e Le Magn\u00e9tisme et les Soins \u00e9nerg\u00e9tiques\u00a0 Et si vous aviez, vous aussi, ce pouvoir entre les mains ?\u00a0Le magn\u00e9tisme n\u2019est pas r\u00e9serv\u00e9 \u00e0 quelques initi\u00e9s. Nous avons tous une capacit\u00e9 naturelle \u00e0 ressentir, soulager, transmettre de l\u2019\u00e9nergie. Cette\u00a0formation au magn\u00e9tisme vous permet de r\u00e9veiller et d\u2019ancrer ce potentiel, dans [&hellip;]<\/p>\n","protected":false},"author":1,"featured_media":0,"parent":0,"menu_order":0,"comment_status":"closed","ping_status":"closed","template":"","meta":{"footnotes":""},"class_list":["post-25","page","type-page","status-publish","hentry","entry","owp-thumbs-layout-horizontal","owp-btn-big","owp-tabs-layout-horizontal","has-no-thumbnails","has-product-nav"],"yoast_head":"<!-- This site is optimized with the Yoast SEO plugin v25.9 - https:\/\/yoast.com\/wordpress\/plugins\/seo\/ -->\n<title>Formations - R\u00e9flexologieetcie<\/title>\n<meta name=\"robots\" content=\"index, follow, max-snippet:-1, max-image-preview:large, max-video-preview:-1\" \/>\n<link rel=\"canonical\" href=\"https:\/\/reflexologieetcie.fr\/index.php\/ateliers\/\" \/>\n<meta property=\"og:locale\" content=\"fr_FR\" \/>\n<meta property=\"og:type\" content=\"article\" \/>\n<meta property=\"og:title\" content=\"Formations - R\u00e9flexologieetcie\" \/>\n<meta property=\"og:description\" content=\"Les Formations Formation \u00e0 la journ\u00e9e Le Magn\u00e9tisme et les Soins \u00e9nerg\u00e9tiques\u00a0 Et si vous aviez, vous aussi, ce pouvoir entre les mains ?\u00a0Le magn\u00e9tisme n\u2019est pas r\u00e9serv\u00e9 \u00e0 quelques initi\u00e9s. Nous avons tous une capacit\u00e9 naturelle \u00e0 ressentir, soulager, transmettre de l\u2019\u00e9nergie. Cette\u00a0formation au magn\u00e9tisme vous permet de r\u00e9veiller et d\u2019ancrer ce potentiel, dans [&hellip;]\" \/>\n<meta property=\"og:url\" content=\"https:\/\/reflexologieetcie.fr\/index.php\/ateliers\/\" \/>\n<meta property=\"og:site_name\" content=\"R\u00e9flexologieetcie\" \/>\n<meta property=\"article:modified_time\" content=\"2025-11-14T13:27:58+00:00\" \/>\n<meta property=\"og:image\" content=\"https:\/\/reflexologieetcie.fr\/wp-content\/uploads\/2025\/11\/Les-Formations-2-1024x1024.png\" \/>\n<meta name=\"twitter:card\" content=\"summary_large_image\" \/>\n<meta name=\"twitter:label1\" content=\"Dur\u00e9e de lecture estim\u00e9e\" \/>\n\t<meta name=\"twitter:data1\" content=\"7 minutes\" \/>\n<script type=\"application\/ld+json\" class=\"yoast-schema-graph\">{\"@context\":\"https:\/\/schema.org\",\"@graph\":[{\"@type\":\"WebPage\",\"@id\":\"https:\/\/reflexologieetcie.fr\/index.php\/ateliers\/\",\"url\":\"https:\/\/reflexologieetcie.fr\/index.php\/ateliers\/\",\"name\":\"Formations - R\u00e9flexologieetcie\",\"isPartOf\":{\"@id\":\"https:\/\/reflexologieetcie.fr\/#website\"},\"primaryImageOfPage\":{\"@id\":\"https:\/\/reflexologieetcie.fr\/index.php\/ateliers\/#primaryimage\"},\"image\":{\"@id\":\"https:\/\/reflexologieetcie.fr\/index.php\/ateliers\/#primaryimage\"},\"thumbnailUrl\":\"https:\/\/reflexologieetcie.fr\/wp-content\/uploads\/2025\/11\/Les-Formations-2-1024x1024.png\",\"datePublished\":\"2023-10-31T08:34:05+00:00\",\"dateModified\":\"2025-11-14T13:27:58+00:00\",\"breadcrumb\":{\"@id\":\"https:\/\/reflexologieetcie.fr\/index.php\/ateliers\/#breadcrumb\"},\"inLanguage\":\"fr-FR\",\"potentialAction\":[{\"@type\":\"ReadAction\",\"target\":[\"https:\/\/reflexologieetcie.fr\/index.php\/ateliers\/\"]}]},{\"@type\":\"ImageObject\",\"inLanguage\":\"fr-FR\",\"@id\":\"https:\/\/reflexologieetcie.fr\/index.php\/ateliers\/#primaryimage\",\"url\":\"https:\/\/reflexologieetcie.fr\/wp-content\/uploads\/2025\/11\/Les-Formations-2.png\",\"contentUrl\":\"https:\/\/reflexologieetcie.fr\/wp-content\/uploads\/2025\/11\/Les-Formations-2.png\",\"width\":1080,\"height\":1080},{\"@type\":\"BreadcrumbList\",\"@id\":\"https:\/\/reflexologieetcie.fr\/index.php\/ateliers\/#breadcrumb\",\"itemListElement\":[{\"@type\":\"ListItem\",\"position\":1,\"name\":\"Accueil\",\"item\":\"https:\/\/reflexologieetcie.fr\/\"},{\"@type\":\"ListItem\",\"position\":2,\"name\":\"Formations\"}]},{\"@type\":\"WebSite\",\"@id\":\"https:\/\/reflexologieetcie.fr\/#website\",\"url\":\"https:\/\/reflexologieetcie.fr\/\",\"name\":\"R\u00e9flexologieetcie\",\"description\":\"Un site utilisant WordPress\",\"potentialAction\":[{\"@type\":\"SearchAction\",\"target\":{\"@type\":\"EntryPoint\",\"urlTemplate\":\"https:\/\/reflexologieetcie.fr\/?s={search_term_string}\"},\"query-input\":{\"@type\":\"PropertyValueSpecification\",\"valueRequired\":true,\"valueName\":\"search_term_string\"}}],\"inLanguage\":\"fr-FR\"}]}<\/script>\n<!-- \/ Yoast SEO plugin. -->","yoast_head_json":{"title":"Formations - R\u00e9flexologieetcie","robots":{"index":"index","follow":"follow","max-snippet":"max-snippet:-1","max-image-preview":"max-image-preview:large","max-video-preview":"max-video-preview:-1"},"canonical":"https:\/\/reflexologieetcie.fr\/index.php\/ateliers\/","og_locale":"fr_FR","og_type":"article","og_title":"Formations - R\u00e9flexologieetcie","og_description":"Les Formations Formation \u00e0 la journ\u00e9e Le Magn\u00e9tisme et les Soins \u00e9nerg\u00e9tiques\u00a0 Et si vous aviez, vous aussi, ce pouvoir entre les mains ?\u00a0Le magn\u00e9tisme n\u2019est pas r\u00e9serv\u00e9 \u00e0 quelques initi\u00e9s. Nous avons tous une capacit\u00e9 naturelle \u00e0 ressentir, soulager, transmettre de l\u2019\u00e9nergie. Cette\u00a0formation au magn\u00e9tisme vous permet de r\u00e9veiller et d\u2019ancrer ce potentiel, dans [&hellip;]","og_url":"https:\/\/reflexologieetcie.fr\/index.php\/ateliers\/","og_site_name":"R\u00e9flexologieetcie","article_modified_time":"2025-11-14T13:27:58+00:00","og_image":[{"url":"https:\/\/reflexologieetcie.fr\/wp-content\/uploads\/2025\/11\/Les-Formations-2-1024x1024.png","type":"","width":"","height":""}],"twitter_card":"summary_large_image","twitter_misc":{"Dur\u00e9e de lecture estim\u00e9e":"7 minutes"},"schema":{"@context":"https:\/\/schema.org","@graph":[{"@type":"WebPage","@id":"https:\/\/reflexologieetcie.fr\/index.php\/ateliers\/","url":"https:\/\/reflexologieetcie.fr\/index.php\/ateliers\/","name":"Formations - R\u00e9flexologieetcie","isPartOf":{"@id":"https:\/\/reflexologieetcie.fr\/#website"},"primaryImageOfPage":{"@id":"https:\/\/reflexologieetcie.fr\/index.php\/ateliers\/#primaryimage"},"image":{"@id":"https:\/\/reflexologieetcie.fr\/index.php\/ateliers\/#primaryimage"},"thumbnailUrl":"https:\/\/reflexologieetcie.fr\/wp-content\/uploads\/2025\/11\/Les-Formations-2-1024x1024.png","datePublished":"2023-10-31T08:34:05+00:00","dateModified":"2025-11-14T13:27:58+00:00","breadcrumb":{"@id":"https:\/\/reflexologieetcie.fr\/index.php\/ateliers\/#breadcrumb"},"inLanguage":"fr-FR","potentialAction":[{"@type":"ReadAction","target":["https:\/\/reflexologieetcie.fr\/index.php\/ateliers\/"]}]},{"@type":"ImageObject","inLanguage":"fr-FR","@id":"https:\/\/reflexologieetcie.fr\/index.php\/ateliers\/#primaryimage","url":"https:\/\/reflexologieetcie.fr\/wp-content\/uploads\/2025\/11\/Les-Formations-2.png","contentUrl":"https:\/\/reflexologieetcie.fr\/wp-content\/uploads\/2025\/11\/Les-Formations-2.png","width":1080,"height":1080},{"@type":"BreadcrumbList","@id":"https:\/\/reflexologieetcie.fr\/index.php\/ateliers\/#breadcrumb","itemListElement":[{"@type":"ListItem","position":1,"name":"Accueil","item":"https:\/\/reflexologieetcie.fr\/"},{"@type":"ListItem","position":2,"name":"Formations"}]},{"@type":"WebSite","@id":"https:\/\/reflexologieetcie.fr\/#website","url":"https:\/\/reflexologieetcie.fr\/","name":"R\u00e9flexologieetcie","description":"Un site utilisant WordPress","potentialAction":[{"@type":"SearchAction","target":{"@type":"EntryPoint","urlTemplate":"https:\/\/reflexologieetcie.fr\/?s={search_term_string}"},"query-input":{"@type":"PropertyValueSpecification","valueRequired":true,"valueName":"search_term_string"}}],"inLanguage":"fr-FR"}]}},"_links":{"self":[{"href":"https:\/\/reflexologieetcie.fr\/index.php\/wp-json\/wp\/v2\/pages\/25","targetHints":{"allow":["GET"]}}],"collection":[{"href":"https:\/\/reflexologieetcie.fr\/index.php\/wp-json\/wp\/v2\/pages"}],"about":[{"href":"https:\/\/reflexologieetcie.fr\/index.php\/wp-json\/wp\/v2\/types\/page"}],"author":[{"embeddable":true,"href":"https:\/\/reflexologieetcie.fr\/index.php\/wp-json\/wp\/v2\/users\/1"}],"replies":[{"embeddable":true,"href":"https:\/\/reflexologieetcie.fr\/index.php\/wp-json\/wp\/v2\/comments?post=25"}],"version-history":[{"count":137,"href":"https:\/\/reflexologieetcie.fr\/index.php\/wp-json\/wp\/v2\/pages\/25\/revisions"}],"predecessor-version":[{"id":2994,"href":"https:\/\/reflexologieetcie.fr\/index.php\/wp-json\/wp\/v2\/pages\/25\/revisions\/2994"}],"wp:attachment":[{"href":"https:\/\/reflexologieetcie.fr\/index.php\/wp-json\/wp\/v2\/media?parent=25"}],"curies":[{"name":"wp","href":"https:\/\/api.w.org\/{rel}","templated":true}]}}