{"id":27,"date":"2023-10-31T09:35:03","date_gmt":"2023-10-31T08:35:03","guid":{"rendered":"https:\/\/reflexologieetcie.fr\/?page_id=27"},"modified":"2025-12-12T10:11:07","modified_gmt":"2025-12-12T09:11:07","slug":"tarifs","status":"publish","type":"page","link":"https:\/\/reflexologieetcie.fr\/index.php\/tarifs\/","title":{"rendered":"Tarifs"},"content":{"rendered":"\t\t<div data-elementor-type=\"wp-page\" data-elementor-id=\"27\" class=\"elementor elementor-27\">\n\t\t\t\t<div class=\"elementor-element elementor-element-7383d056 e-con-full e-flex e-con e-parent\" data-id=\"7383d056\" data-element_type=\"container\" data-settings=\"{&quot;background_background&quot;:&quot;classic&quot;}\">\n\t\t\t\t<div class=\"elementor-element elementor-element-6b27949c elementor-widget elementor-widget-heading\" data-id=\"6b27949c\" data-element_type=\"widget\" data-widget_type=\"heading.default\">\n\t\t\t\t<div class=\"elementor-widget-container\">\n\t\t\t\t\t<h2 class=\"elementor-heading-title elementor-size-default\">Tarifs\n<\/h2>\t\t\t\t<\/div>\n\t\t\t\t<\/div>\n\t\t\t\t<div class=\"elementor-element elementor-element-a620d50 elementor-widget elementor-widget-heading\" data-id=\"a620d50\" data-element_type=\"widget\" data-widget_type=\"heading.default\">\n\t\t\t\t<div class=\"elementor-widget-container\">\n\t\t\t\t\t<p class=\"elementor-heading-title elementor-size-medium\">Carte bancaire, ch\u00e8que, esp\u00e8ces, virement bancaire<\/p>\t\t\t\t<\/div>\n\t\t\t\t<\/div>\n\t\t\t\t<\/div>\n\t\t<div class=\"elementor-element elementor-element-c606600 e-con-full e-flex e-con e-parent\" data-id=\"c606600\" data-element_type=\"container\">\n\t\t<div class=\"elementor-element elementor-element-33eeea6 e-con-full e-flex e-con e-child\" data-id=\"33eeea6\" data-element_type=\"container\">\n\t\t\t\t<div class=\"elementor-element elementor-element-6db7a53 elementor-widget elementor-widget-heading\" data-id=\"6db7a53\" data-element_type=\"widget\" data-widget_type=\"heading.default\">\n\t\t\t\t<div class=\"elementor-widget-container\">\n\t\t\t\t\t<h2 class=\"elementor-heading-title elementor-size-default\"><a href=\"https:\/\/reflexologieetcie.fr\/index.php\/seances\/\">Consultation th\u00e9rapeutique \ud83d\udc49<\/a><\/h2>\t\t\t\t<\/div>\n\t\t\t\t<\/div>\n\t\t\t\t<div class=\"elementor-element elementor-element-2b3f397 elementor-widget elementor-widget-heading\" data-id=\"2b3f397\" data-element_type=\"widget\" data-widget_type=\"heading.default\">\n\t\t\t\t<div class=\"elementor-widget-container\">\n\t\t\t\t\t<p class=\"elementor-heading-title elementor-size-medium\">R\u00e9flexologie \/ Diapasons \/ Hypnose \/ Soin \u00e9nerg\u00e9tique <\/p>\t\t\t\t<\/div>\n\t\t\t\t<\/div>\n\t\t\t\t<div class=\"elementor-element elementor-element-2b903f0 elementor-widget elementor-widget-text-editor\" data-id=\"2b903f0\" data-element_type=\"widget\" data-widget_type=\"text-editor.default\">\n\t\t\t\t<div class=\"elementor-widget-container\">\n\t\t\t\t\t\t\t\t\t<p data-start=\"572\" data-end=\"592\">Un accompagnement personnalis\u00e9 pour g\u00e9rer la douleur, soulager les tensions et retrouver \u00e9quilibre et bien-\u00eatre<\/p><p data-start=\"572\" data-end=\"592\"><strong data-start=\"572\" data-end=\"583\">Adulte<\/strong>\u00a0: 65 \u20ac<\/p><p data-start=\"595\" data-end=\"628\"><strong data-start=\"595\" data-end=\"619\">Enfant (+2 \u00e0 -18 ans)<\/strong> : 55 \u20ac<\/p><p data-start=\"631\" data-end=\"666\"><strong data-start=\"631\" data-end=\"657\">B\u00e9b\u00e9 (moins de 2 ans)<\/strong> : 50 \u20ac<\/p><p data-start=\"669\" data-end=\"723\">S\u00e9ance en pr\u00e9sentiel<\/p>\t\t\t\t\t\t\t\t<\/div>\n\t\t\t\t<\/div>\n\t\t\t\t<\/div>\n\t\t<div class=\"elementor-element elementor-element-c1bfa76 e-con-full e-flex e-con e-child\" data-id=\"c1bfa76\" data-element_type=\"container\">\n\t\t\t\t<div class=\"elementor-element elementor-element-bb99318 elementor-widget elementor-widget-image\" data-id=\"bb99318\" data-element_type=\"widget\" data-widget_type=\"image.default\">\n\t\t\t\t<div class=\"elementor-widget-container\">\n\t\t\t\t\t\t\t\t\t\t\t\t\t\t\t<img fetchpriority=\"high\" decoding=\"async\" width=\"768\" height=\"432\" src=\"https:\/\/reflexologieetcie.fr\/wp-content\/uploads\/2023\/11\/Tarifs-les-soins-therapeutiques-et-energetiques-reflexologieetcie-768x432.jpg\" class=\"attachment-medium_large size-medium_large wp-image-1216\" alt=\"\" srcset=\"https:\/\/reflexologieetcie.fr\/wp-content\/uploads\/2023\/11\/Tarifs-les-soins-therapeutiques-et-energetiques-reflexologieetcie-768x432.jpg 768w, https:\/\/reflexologieetcie.fr\/wp-content\/uploads\/2023\/11\/Tarifs-les-soins-therapeutiques-et-energetiques-reflexologieetcie-600x338.jpg 600w, https:\/\/reflexologieetcie.fr\/wp-content\/uploads\/2023\/11\/Tarifs-les-soins-therapeutiques-et-energetiques-reflexologieetcie-300x169.jpg 300w, https:\/\/reflexologieetcie.fr\/wp-content\/uploads\/2023\/11\/Tarifs-les-soins-therapeutiques-et-energetiques-reflexologieetcie-1024x576.jpg 1024w, https:\/\/reflexologieetcie.fr\/wp-content\/uploads\/2023\/11\/Tarifs-les-soins-therapeutiques-et-energetiques-reflexologieetcie-1536x864.jpg 1536w, https:\/\/reflexologieetcie.fr\/wp-content\/uploads\/2023\/11\/Tarifs-les-soins-therapeutiques-et-energetiques-reflexologieetcie.jpg 1920w\" sizes=\"(max-width: 768px) 100vw, 768px\" \/>\t\t\t\t\t\t\t\t\t\t\t\t\t\t\t<\/div>\n\t\t\t\t<\/div>\n\t\t\t\t<\/div>\n\t\t\t\t<\/div>\n\t\t<div class=\"elementor-element elementor-element-0dd2e32 e-con-full e-flex e-con e-parent\" data-id=\"0dd2e32\" data-element_type=\"container\" data-settings=\"{&quot;background_background&quot;:&quot;classic&quot;}\">\n\t\t<div class=\"elementor-element elementor-element-ee6492d e-con-full e-flex e-con e-child\" data-id=\"ee6492d\" data-element_type=\"container\">\n\t\t\t\t<div class=\"elementor-element elementor-element-cc61c44 elementor-widget elementor-widget-heading\" data-id=\"cc61c44\" data-element_type=\"widget\" data-widget_type=\"heading.default\">\n\t\t\t\t<div class=\"elementor-widget-container\">\n\t\t\t\t\t<h2 class=\"elementor-heading-title elementor-size-default\">Les autres prestations<\/h2>\t\t\t\t<\/div>\n\t\t\t\t<\/div>\n\t\t\t\t<div class=\"elementor-element elementor-element-ffc52ac elementor-widget__width-initial elementor-widget elementor-widget-text-editor\" data-id=\"ffc52ac\" data-element_type=\"widget\" data-widget_type=\"text-editor.default\">\n\t\t\t\t<div class=\"elementor-widget-container\">\n\t\t\t\t\t\t\t\t\t<p><em>Des outils compl\u00e9mentaires pour explorer votre chemin de vie, lib\u00e9rer vos blocages et vous guider au quotidien. <\/em><\/p><p><em>En pr\u00e9sentiel ou \u00e0 distance (visio), selon ce qui vous convient le mieux.<\/em><\/p><p><strong>S\u00e9ance \u00e0 distance : <\/strong>guidance, \u00e9motion, intuition : <strong>60 \u20ac<\/strong><\/p>\t\t\t\t\t\t\t\t<\/div>\n\t\t\t\t<\/div>\n\t\t\t\t<div class=\"elementor-element elementor-element-8ee45b6 elementor-widget__width-initial elementor-widget elementor-widget-text-editor\" data-id=\"8ee45b6\" data-element_type=\"widget\" data-widget_type=\"text-editor.default\">\n\t\t\t\t<div class=\"elementor-widget-container\">\n\t\t\t\t\t\t\t\t\t<p><strong>\ud83d\udc49 Cartomancie<\/strong>\u00a0 : <a href=\"https:\/\/reflexologieetcie.fr\/index.php\/cartomancie\/\">65 \u20ac<\/a><\/p>\t\t\t\t\t\t\t\t<\/div>\n\t\t\t\t<\/div>\n\t\t\t\t<div class=\"elementor-element elementor-element-8e6742f elementor-widget__width-initial elementor-widget elementor-widget-text-editor\" data-id=\"8e6742f\" data-element_type=\"widget\" data-widget_type=\"text-editor.default\">\n\t\t\t\t<div class=\"elementor-widget-container\">\n\t\t\t\t\t\t\t\t\t<p><strong>\ud83d\udc49 Psycho-g\u00e9n\u00e9alogie &amp; lib\u00e9ration transg\u00e9n\u00e9rationnelle<\/strong>\u00a0 : <a href=\"https:\/\/reflexologieetcie.fr\/index.php\/psycho-genealogie\/\">65 \u20ac<\/a><\/p>\t\t\t\t\t\t\t\t<\/div>\n\t\t\t\t<\/div>\n\t\t\t\t<div class=\"elementor-element elementor-element-748a397 elementor-widget__width-initial elementor-widget elementor-widget-text-editor\" data-id=\"748a397\" data-element_type=\"widget\" data-widget_type=\"text-editor.default\">\n\t\t\t\t<div class=\"elementor-widget-container\">\n\t\t\t\t\t\t\t\t\t<p><strong>\ud83d\udc49 Magn\u00e9tisme <\/strong>s\u00e9ance courte : vers intestinaux, br\u00fblures, verrues, angoisses&#8230;\u00a0: <a href=\"https:\/\/reflexologieetcie.fr\/index.php\/magnetisme\/\">25 \u20ac<\/a><\/p>\t\t\t\t\t\t\t\t<\/div>\n\t\t\t\t<\/div>\n\t\t\t\t<div class=\"elementor-element elementor-element-b5cd589 elementor-widget__width-initial elementor-widget elementor-widget-text-editor\" data-id=\"b5cd589\" data-element_type=\"widget\" data-widget_type=\"text-editor.default\">\n\t\t\t\t<div class=\"elementor-widget-container\">\n\t\t\t\t\t\t\t\t\t<p><strong>\ud83d\udc49 Fleurs de Bach <\/strong>\u00a0: <a href=\"https:\/\/reflexologieetcie.fr\/index.php\/fleurs-de-bach\/\">19 \u20ac<\/a><\/p>\t\t\t\t\t\t\t\t<\/div>\n\t\t\t\t<\/div>\n\t\t\t\t<\/div>\n\t\t<div class=\"elementor-element elementor-element-a7c5a08 e-con-full e-flex e-con e-child\" data-id=\"a7c5a08\" data-element_type=\"container\">\n\t\t<div class=\"elementor-element elementor-element-a650dfd e-flex e-con-boxed e-con e-child\" data-id=\"a650dfd\" data-element_type=\"container\">\n\t\t\t\t\t<div class=\"e-con-inner\">\n\t\t\t\t<div class=\"elementor-element elementor-element-9245bfb elementor-widget elementor-widget-image\" data-id=\"9245bfb\" data-element_type=\"widget\" data-widget_type=\"image.default\">\n\t\t\t\t<div class=\"elementor-widget-container\">\n\t\t\t\t\t\t\t\t\t\t\t\t\t\t\t<img decoding=\"async\" width=\"300\" height=\"200\" src=\"https:\/\/reflexologieetcie.fr\/wp-content\/uploads\/2023\/11\/Cartomancie-reflexologieetcie-2-300x200.jpg\" class=\"attachment-medium size-medium wp-image-967\" alt=\"\" srcset=\"https:\/\/reflexologieetcie.fr\/wp-content\/uploads\/2023\/11\/Cartomancie-reflexologieetcie-2-300x200.jpg 300w, https:\/\/reflexologieetcie.fr\/wp-content\/uploads\/2023\/11\/Cartomancie-reflexologieetcie-2-600x400.jpg 600w, https:\/\/reflexologieetcie.fr\/wp-content\/uploads\/2023\/11\/Cartomancie-reflexologieetcie-2-1024x683.jpg 1024w, https:\/\/reflexologieetcie.fr\/wp-content\/uploads\/2023\/11\/Cartomancie-reflexologieetcie-2-768x512.jpg 768w, https:\/\/reflexologieetcie.fr\/wp-content\/uploads\/2023\/11\/Cartomancie-reflexologieetcie-2-1536x1024.jpg 1536w, https:\/\/reflexologieetcie.fr\/wp-content\/uploads\/2023\/11\/Cartomancie-reflexologieetcie-2.jpg 1920w\" sizes=\"(max-width: 300px) 100vw, 300px\" \/>\t\t\t\t\t\t\t\t\t\t\t\t\t\t\t<\/div>\n\t\t\t\t<\/div>\n\t\t\t\t<div class=\"elementor-element elementor-element-903d14d elementor-widget elementor-widget-image\" data-id=\"903d14d\" data-element_type=\"widget\" data-widget_type=\"image.default\">\n\t\t\t\t<div class=\"elementor-widget-container\">\n\t\t\t\t\t\t\t\t\t\t\t\t\t\t\t<img decoding=\"async\" width=\"300\" height=\"169\" src=\"https:\/\/reflexologieetcie.fr\/wp-content\/uploads\/2023\/12\/Accompagnement-en-ligne-pendule-1-300x169.jpg\" class=\"attachment-medium size-medium wp-image-1617\" alt=\"\" srcset=\"https:\/\/reflexologieetcie.fr\/wp-content\/uploads\/2023\/12\/Accompagnement-en-ligne-pendule-1-300x169.jpg 300w, https:\/\/reflexologieetcie.fr\/wp-content\/uploads\/2023\/12\/Accompagnement-en-ligne-pendule-1-1024x576.jpg 1024w, https:\/\/reflexologieetcie.fr\/wp-content\/uploads\/2023\/12\/Accompagnement-en-ligne-pendule-1-768x432.jpg 768w, https:\/\/reflexologieetcie.fr\/wp-content\/uploads\/2023\/12\/Accompagnement-en-ligne-pendule-1-1536x864.jpg 1536w, https:\/\/reflexologieetcie.fr\/wp-content\/uploads\/2023\/12\/Accompagnement-en-ligne-pendule-1-800x450.jpg 800w, https:\/\/reflexologieetcie.fr\/wp-content\/uploads\/2023\/12\/Accompagnement-en-ligne-pendule-1-600x338.jpg 600w, https:\/\/reflexologieetcie.fr\/wp-content\/uploads\/2023\/12\/Accompagnement-en-ligne-pendule-1.jpg 1920w\" sizes=\"(max-width: 300px) 100vw, 300px\" \/>\t\t\t\t\t\t\t\t\t\t\t\t\t\t\t<\/div>\n\t\t\t\t<\/div>\n\t\t\t\t\t<\/div>\n\t\t\t\t<\/div>\n\t\t\t\t<\/div>\n\t\t\t\t<\/div>\n\t\t<div class=\"elementor-element elementor-element-acf51ab e-flex e-con-boxed e-con e-parent\" data-id=\"acf51ab\" data-element_type=\"container\">\n\t\t\t\t\t<div class=\"e-con-inner\">\n\t\t<div class=\"elementor-element elementor-element-4d25e1c e-con-full e-flex e-con e-child\" data-id=\"4d25e1c\" data-element_type=\"container\">\n\t\t\t\t<div class=\"elementor-element elementor-element-7536ed5 elementor-widget elementor-widget-heading\" data-id=\"7536ed5\" data-element_type=\"widget\" data-widget_type=\"heading.default\">\n\t\t\t\t<div class=\"elementor-widget-container\">\n\t\t\t\t\t<h2 class=\"elementor-heading-title elementor-size-default\"><a href=\"https:\/\/reflexologieetcie.fr\/index.php\/ateliers\/\">Les Formations \ud83d\udc49<\/a><\/h2>\t\t\t\t<\/div>\n\t\t\t\t<\/div>\n\t\t\t\t<div class=\"elementor-element elementor-element-42d50ef elementor-widget elementor-widget-text-editor\" data-id=\"42d50ef\" data-element_type=\"widget\" data-widget_type=\"text-editor.default\">\n\t\t\t\t<div class=\"elementor-widget-container\">\n\t\t\t\t\t\t\t\t\t<p><u>En individuel<\/u>\u00a0:<\/p><p>\u00a0 \u00a0 \u00a0&#8211; 1 h 30\u00a0:\u00a0<strong>65 \u20ac<\/strong><\/p><p>\u00a0 \u00a0 \u00a0&#8211; 1\/2 journ\u00e9e\u00a0:\u00a0<strong>100 \u20ac<\/strong><\/p><p><u>En groupe<\/u>\u00a0:<\/p><p>\u00a0 \u00a0 \u00a0&#8211; 2 h :\u00a0<strong>39 \u20ac\u00a0<\/strong>(atelier)<\/p><p>\u00a0 \u00a0 \u00a0&#8211; 1\/2 journ\u00e9e :<strong>\u00a080 \u20ac<\/strong><\/p><p>\u00a0 \u00a0 \u00a0&#8211; Journ\u00e9e :\u00a0<strong>130 \u20ac<\/strong><\/p>\t\t\t\t\t\t\t\t<\/div>\n\t\t\t\t<\/div>\n\t\t\t\t<\/div>\n\t\t<div class=\"elementor-element elementor-element-02cb1bf e-con-full e-flex e-con e-child\" data-id=\"02cb1bf\" data-element_type=\"container\">\n\t\t\t\t<div class=\"elementor-element elementor-element-b8a3236 elementor-widget elementor-widget-image\" data-id=\"b8a3236\" data-element_type=\"widget\" data-widget_type=\"image.default\">\n\t\t\t\t<div class=\"elementor-widget-container\">\n\t\t\t\t\t\t\t\t\t\t\t\t\t\t\t<img loading=\"lazy\" decoding=\"async\" width=\"1024\" height=\"683\" src=\"https:\/\/reflexologieetcie.fr\/wp-content\/uploads\/2023\/11\/Hypnose-reflexologieetcie-2-1024x683.jpg\" class=\"attachment-large size-large wp-image-1036\" alt=\"\" srcset=\"https:\/\/reflexologieetcie.fr\/wp-content\/uploads\/2023\/11\/Hypnose-reflexologieetcie-2-1024x683.jpg 1024w, https:\/\/reflexologieetcie.fr\/wp-content\/uploads\/2023\/11\/Hypnose-reflexologieetcie-2-600x400.jpg 600w, https:\/\/reflexologieetcie.fr\/wp-content\/uploads\/2023\/11\/Hypnose-reflexologieetcie-2-300x200.jpg 300w, https:\/\/reflexologieetcie.fr\/wp-content\/uploads\/2023\/11\/Hypnose-reflexologieetcie-2-768x512.jpg 768w, https:\/\/reflexologieetcie.fr\/wp-content\/uploads\/2023\/11\/Hypnose-reflexologieetcie-2-1536x1024.jpg 1536w, https:\/\/reflexologieetcie.fr\/wp-content\/uploads\/2023\/11\/Hypnose-reflexologieetcie-2.jpg 1920w\" sizes=\"(max-width: 1024px) 100vw, 1024px\" \/>\t\t\t\t\t\t\t\t\t\t\t\t\t\t\t<\/div>\n\t\t\t\t<\/div>\n\t\t\t\t<\/div>\n\t\t\t\t\t<\/div>\n\t\t\t\t<\/div>\n\t\t<div class=\"elementor-element elementor-element-da5ca58 e-flex e-con-boxed e-con e-parent\" data-id=\"da5ca58\" data-element_type=\"container\">\n\t\t\t\t\t<div class=\"e-con-inner\">\n\t\t<div class=\"elementor-element elementor-element-b2ada73 e-con-full e-flex e-con e-child\" data-id=\"b2ada73\" data-element_type=\"container\">\n\t\t\t\t<div class=\"elementor-element elementor-element-de2bf40 elementor-widget elementor-widget-image\" data-id=\"de2bf40\" data-element_type=\"widget\" data-widget_type=\"image.default\">\n\t\t\t\t<div class=\"elementor-widget-container\">\n\t\t\t\t\t\t\t\t\t\t\t\t\t\t\t<img loading=\"lazy\" decoding=\"async\" width=\"1024\" height=\"682\" src=\"https:\/\/reflexologieetcie.fr\/wp-content\/uploads\/2024\/01\/Tarifs-2-1-1024x682.jpg\" class=\"attachment-large size-large wp-image-1910\" alt=\"\" srcset=\"https:\/\/reflexologieetcie.fr\/wp-content\/uploads\/2024\/01\/Tarifs-2-1-1024x682.jpg 1024w, https:\/\/reflexologieetcie.fr\/wp-content\/uploads\/2024\/01\/Tarifs-2-1-300x200.jpg 300w, https:\/\/reflexologieetcie.fr\/wp-content\/uploads\/2024\/01\/Tarifs-2-1-768x512.jpg 768w, https:\/\/reflexologieetcie.fr\/wp-content\/uploads\/2024\/01\/Tarifs-2-1-600x400.jpg 600w, https:\/\/reflexologieetcie.fr\/wp-content\/uploads\/2024\/01\/Tarifs-2-1.jpg 1280w\" sizes=\"(max-width: 1024px) 100vw, 1024px\" \/>\t\t\t\t\t\t\t\t\t\t\t\t\t\t\t<\/div>\n\t\t\t\t<\/div>\n\t\t\t\t<\/div>\n\t\t<div class=\"elementor-element elementor-element-8a0145c e-con-full e-flex e-con e-child\" data-id=\"8a0145c\" data-element_type=\"container\">\n\t\t\t\t<div class=\"elementor-element elementor-element-de5e049 elementor-widget elementor-widget-heading\" data-id=\"de5e049\" data-element_type=\"widget\" data-widget_type=\"heading.default\">\n\t\t\t\t<div class=\"elementor-widget-container\">\n\t\t\t\t\t<h2 class=\"elementor-heading-title elementor-size-default\"><a href=\"https:\/\/reflexologieetcie.fr\/index.php\/ateliers\/\" target=\"_blank\">Les Ateliers \ud83d\udc49<\/a><\/h2>\t\t\t\t<\/div>\n\t\t\t\t<\/div>\n\t\t\t\t<div class=\"elementor-element elementor-element-95a984b elementor-widget elementor-widget-text-editor\" data-id=\"95a984b\" data-element_type=\"widget\" data-widget_type=\"text-editor.default\">\n\t\t\t\t<div class=\"elementor-widget-container\">\n\t\t\t\t\t\t\t\t\t<p data-start=\"100\" data-end=\"276\">Des espaces bienveillants pour apprendre, ressentir, et vous reconnecter \u00e0 vous-m\u00eame \u00e0 travers des outils \u00e9nerg\u00e9tiques.<\/p><p><b>Tarif : 39 \u20ac \/personne \/ 2 heures<\/b><\/p><p>Sauf Atelier Cartomancie avec mes oracles : 49 \u20ac (atelier + 1 oracle offert)<\/p>\t\t\t\t\t\t\t\t<\/div>\n\t\t\t\t<\/div>\n\t\t\t\t<\/div>\n\t\t<div class=\"elementor-element elementor-element-0306be7 e-con-full e-flex e-con e-child\" data-id=\"0306be7\" data-element_type=\"container\">\n\t\t\t\t<div class=\"elementor-element elementor-element-ce193c4 elementor-widget elementor-widget-image\" data-id=\"ce193c4\" data-element_type=\"widget\" data-widget_type=\"image.default\">\n\t\t\t\t<div class=\"elementor-widget-container\">\n\t\t\t\t\t\t\t\t\t\t\t\t\t\t\t<img loading=\"lazy\" decoding=\"async\" width=\"1024\" height=\"576\" src=\"https:\/\/reflexologieetcie.fr\/wp-content\/uploads\/2023\/12\/Bon-cadeau-flacon-fleurs-de-Bach-1024x576.jpg\" class=\"attachment-large size-large wp-image-1520\" alt=\"\" srcset=\"https:\/\/reflexologieetcie.fr\/wp-content\/uploads\/2023\/12\/Bon-cadeau-flacon-fleurs-de-Bach-1024x576.jpg 1024w, https:\/\/reflexologieetcie.fr\/wp-content\/uploads\/2023\/12\/Bon-cadeau-flacon-fleurs-de-Bach-600x338.jpg 600w, https:\/\/reflexologieetcie.fr\/wp-content\/uploads\/2023\/12\/Bon-cadeau-flacon-fleurs-de-Bach-300x169.jpg 300w, https:\/\/reflexologieetcie.fr\/wp-content\/uploads\/2023\/12\/Bon-cadeau-flacon-fleurs-de-Bach-768x432.jpg 768w, https:\/\/reflexologieetcie.fr\/wp-content\/uploads\/2023\/12\/Bon-cadeau-flacon-fleurs-de-Bach-1536x864.jpg 1536w, https:\/\/reflexologieetcie.fr\/wp-content\/uploads\/2023\/12\/Bon-cadeau-flacon-fleurs-de-Bach.jpg 1920w\" sizes=\"(max-width: 1024px) 100vw, 1024px\" \/>\t\t\t\t\t\t\t\t\t\t\t\t\t\t\t<\/div>\n\t\t\t\t<\/div>\n\t\t\t\t<\/div>\n\t\t\t\t\t<\/div>\n\t\t\t\t<\/div>\n\t\t<div class=\"elementor-element elementor-element-2d45574 e-flex e-con-boxed e-con e-parent\" data-id=\"2d45574\" data-element_type=\"container\" data-settings=\"{&quot;background_background&quot;:&quot;classic&quot;}\">\n\t\t\t\t\t<div class=\"e-con-inner\">\n\t\t<div class=\"elementor-element elementor-element-bfeff92 e-con-full e-flex e-con e-child\" data-id=\"bfeff92\" data-element_type=\"container\">\n\t\t\t\t<div class=\"elementor-element elementor-element-6b18c30 elementor-widget elementor-widget-heading\" data-id=\"6b18c30\" data-element_type=\"widget\" data-widget_type=\"heading.default\">\n\t\t\t\t<div class=\"elementor-widget-container\">\n\t\t\t\t\t<h2 class=\"elementor-heading-title elementor-size-default\"><a href=\"https:\/\/reflexologieetcie.fr\/index.php\/massage-corporel-enfant\/\">Massage corporel b\u00e9b\u00e9 \ud83d\udc49<\/a><\/h2>\t\t\t\t<\/div>\n\t\t\t\t<\/div>\n\t\t\t\t<div class=\"elementor-element elementor-element-8e3ecae elementor-widget elementor-widget-text-editor\" data-id=\"8e3ecae\" data-element_type=\"widget\" data-widget_type=\"text-editor.default\">\n\t\t\t\t<div class=\"elementor-widget-container\">\n\t\t\t\t\t\t\t\t\t<p>Le \u00abmassage corporel\u00a0\u00bb\u00a0pour b\u00e9b\u00e9\/enfant<\/p><p>Apprenez \u00e0 masser votre enfant\u00a0sur le corps\u00a0!<\/p><p>Le massage corporel aide au d\u00e9veloppement c\u00e9r\u00e9bral et \u00e0 la conscience corporelle, \u00e0 soulager les tensions et les petits malaises, \u00e0 la concentration, au renforcement de la relation parent\/enfant, favorise le lien d&rsquo;attachement, \u00e0\u00a0communiquer de mani\u00e8re privil\u00e9gi\u00e9e avec son enfant&#8230;<\/p><p><strong>65 \u20ac les 2 s\u00e9ances\u00a0<\/strong><\/p>\t\t\t\t\t\t\t\t<\/div>\n\t\t\t\t<\/div>\n\t\t\t\t<\/div>\n\t\t<div class=\"elementor-element elementor-element-0504f32 e-con-full e-flex e-con e-child\" data-id=\"0504f32\" data-element_type=\"container\">\n\t\t\t\t<div class=\"elementor-element elementor-element-c44b6e9 elementor-widget elementor-widget-image\" data-id=\"c44b6e9\" data-element_type=\"widget\" data-widget_type=\"image.default\">\n\t\t\t\t<div class=\"elementor-widget-container\">\n\t\t\t\t\t\t\t\t\t\t\t\t\t\t\t<img loading=\"lazy\" decoding=\"async\" width=\"1024\" height=\"576\" src=\"https:\/\/reflexologieetcie.fr\/wp-content\/uploads\/2023\/12\/Bon-cadeau-massage-corporel-enfant-1024x576.jpg\" class=\"attachment-large size-large wp-image-1526\" alt=\"\" srcset=\"https:\/\/reflexologieetcie.fr\/wp-content\/uploads\/2023\/12\/Bon-cadeau-massage-corporel-enfant-1024x576.jpg 1024w, https:\/\/reflexologieetcie.fr\/wp-content\/uploads\/2023\/12\/Bon-cadeau-massage-corporel-enfant-600x338.jpg 600w, https:\/\/reflexologieetcie.fr\/wp-content\/uploads\/2023\/12\/Bon-cadeau-massage-corporel-enfant-300x169.jpg 300w, https:\/\/reflexologieetcie.fr\/wp-content\/uploads\/2023\/12\/Bon-cadeau-massage-corporel-enfant-768x432.jpg 768w, https:\/\/reflexologieetcie.fr\/wp-content\/uploads\/2023\/12\/Bon-cadeau-massage-corporel-enfant-1536x864.jpg 1536w, https:\/\/reflexologieetcie.fr\/wp-content\/uploads\/2023\/12\/Bon-cadeau-massage-corporel-enfant.jpg 1920w\" sizes=\"(max-width: 1024px) 100vw, 1024px\" \/>\t\t\t\t\t\t\t\t\t\t\t\t\t\t\t<\/div>\n\t\t\t\t<\/div>\n\t\t\t\t<\/div>\n\t\t\t\t\t<\/div>\n\t\t\t\t<\/div>\n\t\t<div class=\"elementor-element elementor-element-adaa442 e-flex e-con-boxed e-con e-parent\" data-id=\"adaa442\" data-element_type=\"container\">\n\t\t\t\t\t<div class=\"e-con-inner\">\n\t\t<div class=\"elementor-element elementor-element-1e2d95d e-con-full e-flex e-con e-child\" data-id=\"1e2d95d\" data-element_type=\"container\">\n\t\t\t\t<div class=\"elementor-element elementor-element-091770e elementor-widget elementor-widget-heading\" data-id=\"091770e\" data-element_type=\"widget\" data-widget_type=\"heading.default\">\n\t\t\t\t<div class=\"elementor-widget-container\">\n\t\t\t\t\t<h2 class=\"elementor-heading-title elementor-size-default\"><a href=\"https:\/\/reflexologieetcie.fr\/index.php\/seances-bien-etre\/\">Les soins \"bien-\u00eatre\" pour la d\u00e9tente et la relaxation \ud83d\udc49<\/a><\/h2>\t\t\t\t<\/div>\n\t\t\t\t<\/div>\n\t\t\t\t<div class=\"elementor-element elementor-element-f7b67b7 elementor-widget elementor-widget-text-editor\" data-id=\"f7b67b7\" data-element_type=\"widget\" data-widget_type=\"text-editor.default\">\n\t\t\t\t<div class=\"elementor-widget-container\">\n\t\t\t\t\t\t\t\t\t<p><strong>Le Massage \u00abReflexo ZEN\u00bb : <\/strong>S\u00e9ance de relaxation pour\u00a0 lib\u00e9rer stress et fatigue passag\u00e8re <em>(massage pieds ou mains) 6<\/em><strong>0 \u20ac<\/strong><\/p><p><strong>Le Massage cr\u00e2nien :\u00a0<\/strong>Le massage cr\u00e2nien indien est compos\u00e9 de gestes doux sur le cr\u00e2ne, les \u00e9paules, la nuque et les oreilles. Les troubles li\u00e9s au stress sont consid\u00e9rablement diminu\u00e9s<strong>\u00a060 \u20ac<\/strong><\/p><p><strong>Le Massage du visage :\u00a0<\/strong>Le massage du visage permet d&rsquo;\u00e9vacuer la fatigue accumul\u00e9e et procure une profonde d\u00e9tente 6<strong>0 \u20ac<\/strong><\/p><p><strong>Le duo relaxant :\u00a0<\/strong>Choisissez 2 massages : plantaire, palmaire, cr\u00e2nien, visage&#8230; 7<strong>0 \u20ac<\/strong><\/p><p><strong>Le trio s\u00e9r\u00e9nit\u00e9 :\u00a0<\/strong>Choisissez 3 massages\u00a0: plantaire, palmaire, cr\u00e2nien, visage&#8230; 8<strong>0 \u20ac<\/strong><\/p><p><strong>Carpe Diem :\u00a0<\/strong>Profitez de ce massage 100 % ZEN. Le bien-\u00eatre par les pieds, les mains, le cr\u00e2ne et le visage&#8230; 9<strong>0 \u20ac<\/strong><\/p>\t\t\t\t\t\t\t\t<\/div>\n\t\t\t\t<\/div>\n\t\t\t\t<\/div>\n\t\t\t\t\t<\/div>\n\t\t\t\t<\/div>\n\t\t<div class=\"elementor-element elementor-element-64be7e5 e-flex e-con-boxed e-con e-parent\" data-id=\"64be7e5\" data-element_type=\"container\" data-settings=\"{&quot;background_background&quot;:&quot;classic&quot;}\">\n\t\t\t\t\t<div class=\"e-con-inner\">\n\t\t<div class=\"elementor-element elementor-element-e800818 e-con-full e-flex e-con e-child\" data-id=\"e800818\" data-element_type=\"container\">\n\t\t\t\t<div class=\"elementor-element elementor-element-abe736c elementor-widget elementor-widget-heading\" data-id=\"abe736c\" data-element_type=\"widget\" data-widget_type=\"heading.default\">\n\t\t\t\t<div class=\"elementor-widget-container\">\n\t\t\t\t\t<h2 class=\"elementor-heading-title elementor-size-default\"><a href=\"https:\/\/temp-kkxxnsxyktcrtxxqyqdx.webadorsite.com\/mes-ecritures\">Mon Livre et mes Oracles \ud83d\udc49<\/a><\/h2>\t\t\t\t<\/div>\n\t\t\t\t<\/div>\n\t\t\t\t<div class=\"elementor-element elementor-element-23babd9 elementor-widget elementor-widget-text-editor\" data-id=\"23babd9\" data-element_type=\"widget\" data-widget_type=\"text-editor.default\">\n\t\t\t\t<div class=\"elementor-widget-container\">\n\t\t\t\t\t\t\t\t\t<p><span style=\"text-decoration: underline;\"><strong>Livre<\/strong><\/span> \u00ab\u00a0Le corps comme guide int\u00e9rieur\u00a0\u00bb : <strong>16\u00a0\u20ac<\/strong> (hors frais de livraison)<\/p><p><span style=\"text-decoration: underline;\"><strong>Oracle<\/strong><\/span> \u00ab\u00a0Refaire briller ses yeux\u00a0\u00bb : <strong>21 \u20ac<\/strong>\u00a0(hors frais de livraison)<\/p><p><strong><span style=\"text-decoration: underline;\">Oracle<\/span><\/strong> \u00ab\u00a0Oracl\u00e2me\u00a0\u00bb : <strong>21 \u20ac<\/strong>\u00a0(hors frais de livraison)<\/p><p><strong><span style=\"text-decoration: underline;\">Oracle<\/span><\/strong> \u00ab\u00a0La voix de l&rsquo;\u00e9vidence\u00a0\u00bb : <strong>21 \u20ac<\/strong>\u00a0(hors frais de livraison)<\/p>\t\t\t\t\t\t\t\t<\/div>\n\t\t\t\t<\/div>\n\t\t\t\t<\/div>\n\t\t<div class=\"elementor-element elementor-element-f7396cf e-con-full e-flex e-con e-child\" data-id=\"f7396cf\" data-element_type=\"container\">\n\t\t\t\t<div class=\"elementor-element elementor-element-2e855c1 elementor-widget elementor-widget-image\" data-id=\"2e855c1\" data-element_type=\"widget\" data-widget_type=\"image.default\">\n\t\t\t\t<div class=\"elementor-widget-container\">\n\t\t\t\t\t\t\t\t\t\t\t\t\t\t\t<img loading=\"lazy\" decoding=\"async\" width=\"192\" height=\"300\" src=\"https:\/\/reflexologieetcie.fr\/wp-content\/uploads\/2025\/07\/Ecoute-ton-corps-page-couverture-1-192x300.png\" class=\"attachment-medium size-medium wp-image-2672\" alt=\"\" srcset=\"https:\/\/reflexologieetcie.fr\/wp-content\/uploads\/2025\/07\/Ecoute-ton-corps-page-couverture-1-192x300.png 192w, https:\/\/reflexologieetcie.fr\/wp-content\/uploads\/2025\/07\/Ecoute-ton-corps-page-couverture-1.png 512w\" sizes=\"(max-width: 192px) 100vw, 192px\" \/>\t\t\t\t\t\t\t\t\t\t\t\t\t\t\t<\/div>\n\t\t\t\t<\/div>\n\t\t\t\t<\/div>\n\t\t\t\t\t<\/div>\n\t\t\t\t<\/div>\n\t\t<div class=\"elementor-element elementor-element-7e033b5 e-flex e-con-boxed e-con e-parent\" data-id=\"7e033b5\" data-element_type=\"container\">\n\t\t\t\t\t<div class=\"e-con-inner\">\n\t\t<div class=\"elementor-element elementor-element-b93b9e6 e-con-full e-flex e-con e-child\" data-id=\"b93b9e6\" data-element_type=\"container\">\n\t\t\t\t<div class=\"elementor-element elementor-element-9ac692b elementor-widget elementor-widget-heading\" data-id=\"9ac692b\" data-element_type=\"widget\" data-widget_type=\"heading.default\">\n\t\t\t\t<div class=\"elementor-widget-container\">\n\t\t\t\t\t<h2 class=\"elementor-heading-title elementor-size-default\">Les diff\u00e9rentes cr\u00e9ations <\/h2>\t\t\t\t<\/div>\n\t\t\t\t<\/div>\n\t\t\t\t<div class=\"elementor-element elementor-element-9ecd997 elementor-widget elementor-widget-text-editor\" data-id=\"9ecd997\" data-element_type=\"widget\" data-widget_type=\"text-editor.default\">\n\t\t\t\t<div class=\"elementor-widget-container\">\n\t\t\t\t\t\t\t\t\t<h4><a href=\"https:\/\/temp-kkxxnsxyktcrtxxqyqdx.webadorsite.com\/art-floral\">Art floral\u00a0 \ud83d\udc49 <\/a><\/h4><h4><a href=\"https:\/\/temp-kkxxnsxyktcrtxxqyqdx.webadorsite.com\/funeraire\">Fun\u00e9raire \u00a0 \ud83d\udc49<\/a><\/h4><h4><a href=\"https:\/\/temp-kkxxnsxyktcrtxxqyqdx.webadorsite.com\/autres-creations\">Bracelet, attrape-soleil, pendule&#8230; \ud83d\udc49<\/a><\/h4><h4><a href=\"https:\/\/temp-kkxxnsxyktcrtxxqyqdx.webadorsite.com\/mes-ecritures\">Mon livre, mes oracles \ud83d\udc49<\/a><\/h4>\t\t\t\t\t\t\t\t<\/div>\n\t\t\t\t<\/div>\n\t\t\t\t<\/div>\n\t\t\t\t\t<\/div>\n\t\t\t\t<\/div>\n\t\t<div class=\"elementor-element elementor-element-641af04 e-flex e-con-boxed e-con e-parent\" data-id=\"641af04\" data-element_type=\"container\" data-settings=\"{&quot;background_background&quot;:&quot;classic&quot;}\">\n\t\t\t\t\t<div class=\"e-con-inner\">\n\t\t<div class=\"elementor-element elementor-element-9fdf265 e-con-full e-flex e-con e-child\" data-id=\"9fdf265\" data-element_type=\"container\">\n\t\t\t\t<div class=\"elementor-element elementor-element-8aa3010 elementor-widget elementor-widget-heading\" data-id=\"8aa3010\" data-element_type=\"widget\" data-widget_type=\"heading.default\">\n\t\t\t\t<div class=\"elementor-widget-container\">\n\t\t\t\t\t<h2 class=\"elementor-heading-title elementor-size-default\">Les prestations \"entreprise\"<\/h2>\t\t\t\t<\/div>\n\t\t\t\t<\/div>\n\t\t\t\t<div class=\"elementor-element elementor-element-a7ab5f6 elementor-widget elementor-widget-text-editor\" data-id=\"a7ab5f6\" data-element_type=\"widget\" data-widget_type=\"text-editor.default\">\n\t\t\t\t<div class=\"elementor-widget-container\">\n\t\t\t\t\t\t\t\t\t<p data-start=\"399\" data-end=\"552\">J\u2019interviens en entreprise pour offrir des temps de pause bienfaisants, o\u00f9 chacun peut se recentrer, rel\u00e2cher les tensions et retrouver de l\u2019\u00e9nergie\u00a0: <em>me consulter pour un devis personnalis\u00e9<\/em><\/p>\t\t\t\t\t\t\t\t<\/div>\n\t\t\t\t<\/div>\n\t\t\t\t<\/div>\n\t\t\t\t\t<\/div>\n\t\t\t\t<\/div>\n\t\t\t\t<\/div>\n\t\t","protected":false},"excerpt":{"rendered":"<p>Tarifs Carte bancaire, ch\u00e8que, esp\u00e8ces, virement bancaire Consultation th\u00e9rapeutique \ud83d\udc49 R\u00e9flexologie \/ Diapasons \/ Hypnose \/ Soin \u00e9nerg\u00e9tique Un accompagnement personnalis\u00e9 pour g\u00e9rer la douleur, soulager les tensions et retrouver \u00e9quilibre et bien-\u00eatre Adulte\u00a0: 65 \u20ac Enfant (+2 \u00e0 -18 ans) : 55 \u20ac B\u00e9b\u00e9 (moins de 2 ans) : 50 \u20ac S\u00e9ance en pr\u00e9sentiel [&hellip;]<\/p>\n","protected":false},"author":1,"featured_media":0,"parent":0,"menu_order":0,"comment_status":"closed","ping_status":"closed","template":"","meta":{"footnotes":""},"class_list":["post-27","page","type-page","status-publish","hentry","entry","owp-thumbs-layout-horizontal","owp-btn-big","owp-tabs-layout-horizontal","has-no-thumbnails","has-product-nav"],"yoast_head":"<!-- This site is optimized with the Yoast SEO plugin v25.9 - https:\/\/yoast.com\/wordpress\/plugins\/seo\/ -->\n<title>Tarifs - R\u00e9flexologieetcie<\/title>\n<meta name=\"robots\" content=\"index, follow, max-snippet:-1, max-image-preview:large, max-video-preview:-1\" \/>\n<link rel=\"canonical\" href=\"https:\/\/reflexologieetcie.fr\/index.php\/tarifs\/\" \/>\n<meta property=\"og:locale\" content=\"fr_FR\" \/>\n<meta property=\"og:type\" content=\"article\" \/>\n<meta property=\"og:title\" content=\"Tarifs - R\u00e9flexologieetcie\" \/>\n<meta property=\"og:description\" content=\"Tarifs Carte bancaire, ch\u00e8que, esp\u00e8ces, virement bancaire Consultation th\u00e9rapeutique \ud83d\udc49 R\u00e9flexologie \/ Diapasons \/ Hypnose \/ Soin \u00e9nerg\u00e9tique Un accompagnement personnalis\u00e9 pour g\u00e9rer la douleur, soulager les tensions et retrouver \u00e9quilibre et bien-\u00eatre Adulte\u00a0: 65 \u20ac Enfant (+2 \u00e0 -18 ans) : 55 \u20ac B\u00e9b\u00e9 (moins de 2 ans) : 50 \u20ac S\u00e9ance en pr\u00e9sentiel [&hellip;]\" \/>\n<meta property=\"og:url\" content=\"https:\/\/reflexologieetcie.fr\/index.php\/tarifs\/\" \/>\n<meta property=\"og:site_name\" content=\"R\u00e9flexologieetcie\" \/>\n<meta property=\"article:modified_time\" content=\"2025-12-12T09:11:07+00:00\" \/>\n<meta property=\"og:image\" content=\"https:\/\/reflexologieetcie.fr\/wp-content\/uploads\/2023\/11\/Tarifs-les-soins-therapeutiques-et-energetiques-reflexologieetcie.jpg\" \/>\n\t<meta property=\"og:image:width\" content=\"1920\" \/>\n\t<meta property=\"og:image:height\" content=\"1080\" \/>\n\t<meta property=\"og:image:type\" content=\"image\/jpeg\" \/>\n<meta name=\"twitter:card\" content=\"summary_large_image\" \/>\n<meta name=\"twitter:label1\" content=\"Dur\u00e9e de lecture estim\u00e9e\" \/>\n\t<meta name=\"twitter:data1\" content=\"7 minutes\" \/>\n<script type=\"application\/ld+json\" class=\"yoast-schema-graph\">{\"@context\":\"https:\/\/schema.org\",\"@graph\":[{\"@type\":\"WebPage\",\"@id\":\"https:\/\/reflexologieetcie.fr\/index.php\/tarifs\/\",\"url\":\"https:\/\/reflexologieetcie.fr\/index.php\/tarifs\/\",\"name\":\"Tarifs - R\u00e9flexologieetcie\",\"isPartOf\":{\"@id\":\"https:\/\/reflexologieetcie.fr\/#website\"},\"primaryImageOfPage\":{\"@id\":\"https:\/\/reflexologieetcie.fr\/index.php\/tarifs\/#primaryimage\"},\"image\":{\"@id\":\"https:\/\/reflexologieetcie.fr\/index.php\/tarifs\/#primaryimage\"},\"thumbnailUrl\":\"https:\/\/reflexologieetcie.fr\/wp-content\/uploads\/2023\/11\/Tarifs-les-soins-therapeutiques-et-energetiques-reflexologieetcie-768x432.jpg\",\"datePublished\":\"2023-10-31T08:35:03+00:00\",\"dateModified\":\"2025-12-12T09:11:07+00:00\",\"breadcrumb\":{\"@id\":\"https:\/\/reflexologieetcie.fr\/index.php\/tarifs\/#breadcrumb\"},\"inLanguage\":\"fr-FR\",\"potentialAction\":[{\"@type\":\"ReadAction\",\"target\":[\"https:\/\/reflexologieetcie.fr\/index.php\/tarifs\/\"]}]},{\"@type\":\"ImageObject\",\"inLanguage\":\"fr-FR\",\"@id\":\"https:\/\/reflexologieetcie.fr\/index.php\/tarifs\/#primaryimage\",\"url\":\"https:\/\/reflexologieetcie.fr\/wp-content\/uploads\/2023\/11\/Tarifs-les-soins-therapeutiques-et-energetiques-reflexologieetcie.jpg\",\"contentUrl\":\"https:\/\/reflexologieetcie.fr\/wp-content\/uploads\/2023\/11\/Tarifs-les-soins-therapeutiques-et-energetiques-reflexologieetcie.jpg\",\"width\":1920,\"height\":1080},{\"@type\":\"BreadcrumbList\",\"@id\":\"https:\/\/reflexologieetcie.fr\/index.php\/tarifs\/#breadcrumb\",\"itemListElement\":[{\"@type\":\"ListItem\",\"position\":1,\"name\":\"Accueil\",\"item\":\"https:\/\/reflexologieetcie.fr\/\"},{\"@type\":\"ListItem\",\"position\":2,\"name\":\"Tarifs\"}]},{\"@type\":\"WebSite\",\"@id\":\"https:\/\/reflexologieetcie.fr\/#website\",\"url\":\"https:\/\/reflexologieetcie.fr\/\",\"name\":\"R\u00e9flexologieetcie\",\"description\":\"Un site utilisant WordPress\",\"potentialAction\":[{\"@type\":\"SearchAction\",\"target\":{\"@type\":\"EntryPoint\",\"urlTemplate\":\"https:\/\/reflexologieetcie.fr\/?s={search_term_string}\"},\"query-input\":{\"@type\":\"PropertyValueSpecification\",\"valueRequired\":true,\"valueName\":\"search_term_string\"}}],\"inLanguage\":\"fr-FR\"}]}<\/script>\n<!-- \/ Yoast SEO plugin. -->","yoast_head_json":{"title":"Tarifs - R\u00e9flexologieetcie","robots":{"index":"index","follow":"follow","max-snippet":"max-snippet:-1","max-image-preview":"max-image-preview:large","max-video-preview":"max-video-preview:-1"},"canonical":"https:\/\/reflexologieetcie.fr\/index.php\/tarifs\/","og_locale":"fr_FR","og_type":"article","og_title":"Tarifs - R\u00e9flexologieetcie","og_description":"Tarifs Carte bancaire, ch\u00e8que, esp\u00e8ces, virement bancaire Consultation th\u00e9rapeutique \ud83d\udc49 R\u00e9flexologie \/ Diapasons \/ Hypnose \/ Soin \u00e9nerg\u00e9tique Un accompagnement personnalis\u00e9 pour g\u00e9rer la douleur, soulager les tensions et retrouver \u00e9quilibre et bien-\u00eatre Adulte\u00a0: 65 \u20ac Enfant (+2 \u00e0 -18 ans) : 55 \u20ac B\u00e9b\u00e9 (moins de 2 ans) : 50 \u20ac S\u00e9ance en pr\u00e9sentiel [&hellip;]","og_url":"https:\/\/reflexologieetcie.fr\/index.php\/tarifs\/","og_site_name":"R\u00e9flexologieetcie","article_modified_time":"2025-12-12T09:11:07+00:00","og_image":[{"width":1920,"height":1080,"url":"https:\/\/reflexologieetcie.fr\/wp-content\/uploads\/2023\/11\/Tarifs-les-soins-therapeutiques-et-energetiques-reflexologieetcie.jpg","type":"image\/jpeg"}],"twitter_card":"summary_large_image","twitter_misc":{"Dur\u00e9e de lecture estim\u00e9e":"7 minutes"},"schema":{"@context":"https:\/\/schema.org","@graph":[{"@type":"WebPage","@id":"https:\/\/reflexologieetcie.fr\/index.php\/tarifs\/","url":"https:\/\/reflexologieetcie.fr\/index.php\/tarifs\/","name":"Tarifs - R\u00e9flexologieetcie","isPartOf":{"@id":"https:\/\/reflexologieetcie.fr\/#website"},"primaryImageOfPage":{"@id":"https:\/\/reflexologieetcie.fr\/index.php\/tarifs\/#primaryimage"},"image":{"@id":"https:\/\/reflexologieetcie.fr\/index.php\/tarifs\/#primaryimage"},"thumbnailUrl":"https:\/\/reflexologieetcie.fr\/wp-content\/uploads\/2023\/11\/Tarifs-les-soins-therapeutiques-et-energetiques-reflexologieetcie-768x432.jpg","datePublished":"2023-10-31T08:35:03+00:00","dateModified":"2025-12-12T09:11:07+00:00","breadcrumb":{"@id":"https:\/\/reflexologieetcie.fr\/index.php\/tarifs\/#breadcrumb"},"inLanguage":"fr-FR","potentialAction":[{"@type":"ReadAction","target":["https:\/\/reflexologieetcie.fr\/index.php\/tarifs\/"]}]},{"@type":"ImageObject","inLanguage":"fr-FR","@id":"https:\/\/reflexologieetcie.fr\/index.php\/tarifs\/#primaryimage","url":"https:\/\/reflexologieetcie.fr\/wp-content\/uploads\/2023\/11\/Tarifs-les-soins-therapeutiques-et-energetiques-reflexologieetcie.jpg","contentUrl":"https:\/\/reflexologieetcie.fr\/wp-content\/uploads\/2023\/11\/Tarifs-les-soins-therapeutiques-et-energetiques-reflexologieetcie.jpg","width":1920,"height":1080},{"@type":"BreadcrumbList","@id":"https:\/\/reflexologieetcie.fr\/index.php\/tarifs\/#breadcrumb","itemListElement":[{"@type":"ListItem","position":1,"name":"Accueil","item":"https:\/\/reflexologieetcie.fr\/"},{"@type":"ListItem","position":2,"name":"Tarifs"}]},{"@type":"WebSite","@id":"https:\/\/reflexologieetcie.fr\/#website","url":"https:\/\/reflexologieetcie.fr\/","name":"R\u00e9flexologieetcie","description":"Un site utilisant WordPress","potentialAction":[{"@type":"SearchAction","target":{"@type":"EntryPoint","urlTemplate":"https:\/\/reflexologieetcie.fr\/?s={search_term_string}"},"query-input":{"@type":"PropertyValueSpecification","valueRequired":true,"valueName":"search_term_string"}}],"inLanguage":"fr-FR"}]}},"_links":{"self":[{"href":"https:\/\/reflexologieetcie.fr\/index.php\/wp-json\/wp\/v2\/pages\/27","targetHints":{"allow":["GET"]}}],"collection":[{"href":"https:\/\/reflexologieetcie.fr\/index.php\/wp-json\/wp\/v2\/pages"}],"about":[{"href":"https:\/\/reflexologieetcie.fr\/index.php\/wp-json\/wp\/v2\/types\/page"}],"author":[{"embeddable":true,"href":"https:\/\/reflexologieetcie.fr\/index.php\/wp-json\/wp\/v2\/users\/1"}],"replies":[{"embeddable":true,"href":"https:\/\/reflexologieetcie.fr\/index.php\/wp-json\/wp\/v2\/comments?post=27"}],"version-history":[{"count":328,"href":"https:\/\/reflexologieetcie.fr\/index.php\/wp-json\/wp\/v2\/pages\/27\/revisions"}],"predecessor-version":[{"id":3419,"href":"https:\/\/reflexologieetcie.fr\/index.php\/wp-json\/wp\/v2\/pages\/27\/revisions\/3419"}],"wp:attachment":[{"href":"https:\/\/reflexologieetcie.fr\/index.php\/wp-json\/wp\/v2\/media?parent=27"}],"curies":[{"name":"wp","href":"https:\/\/api.w.org\/{rel}","templated":true}]}}