{"id":674,"date":"2023-11-08T11:05:57","date_gmt":"2023-11-08T10:05:57","guid":{"rendered":"https:\/\/reflexologieetcie.fr\/?page_id=674"},"modified":"2025-06-24T10:34:06","modified_gmt":"2025-06-24T08:34:06","slug":"psycho-genealogie","status":"publish","type":"page","link":"https:\/\/reflexologieetcie.fr\/index.php\/psycho-genealogie\/","title":{"rendered":"Psycho-g\u00e9n\u00e9alogie"},"content":{"rendered":"\t\t<div data-elementor-type=\"wp-page\" data-elementor-id=\"674\" class=\"elementor elementor-674\">\n\t\t\t\t<div class=\"elementor-element elementor-element-65134b51 e-flex e-con-boxed e-con e-parent\" data-id=\"65134b51\" data-element_type=\"container\" data-settings=\"{&quot;background_background&quot;:&quot;classic&quot;}\">\n\t\t\t\t\t<div class=\"e-con-inner\">\n\t\t\t\t<div class=\"elementor-element elementor-element-6432ec12 elementor-widget elementor-widget-heading\" data-id=\"6432ec12\" data-element_type=\"widget\" data-widget_type=\"heading.default\">\n\t\t\t\t<div class=\"elementor-widget-container\">\n\t\t\t\t\t<h2 class=\"elementor-heading-title elementor-size-default\">Psycho-g\u00e9n\u00e9alogie<\/h2>\t\t\t\t<\/div>\n\t\t\t\t<\/div>\n\t\t\t\t\t<\/div>\n\t\t\t\t<\/div>\n\t\t<div class=\"elementor-element elementor-element-c5adb78 e-flex e-con-boxed e-con e-parent\" data-id=\"c5adb78\" data-element_type=\"container\">\n\t\t\t\t\t<div class=\"e-con-inner\">\n\t\t<div class=\"elementor-element elementor-element-f7cd334 e-con-full e-flex e-con e-child\" data-id=\"f7cd334\" data-element_type=\"container\">\n\t\t\t\t<div class=\"elementor-element elementor-element-4d83c24 elementor-widget elementor-widget-image\" data-id=\"4d83c24\" data-element_type=\"widget\" data-widget_type=\"image.default\">\n\t\t\t\t<div class=\"elementor-widget-container\">\n\t\t\t\t\t\t\t\t\t\t\t\t\t\t\t<img fetchpriority=\"high\" decoding=\"async\" width=\"682\" height=\"1024\" src=\"https:\/\/reflexologieetcie.fr\/wp-content\/uploads\/2023\/11\/Psycho-genealogie-reflexologieetcie-682x1024.jpg\" class=\"attachment-large size-large wp-image-997\" alt=\"\" srcset=\"https:\/\/reflexologieetcie.fr\/wp-content\/uploads\/2023\/11\/Psycho-genealogie-reflexologieetcie-682x1024.jpg 682w, https:\/\/reflexologieetcie.fr\/wp-content\/uploads\/2023\/11\/Psycho-genealogie-reflexologieetcie-600x900.jpg 600w, https:\/\/reflexologieetcie.fr\/wp-content\/uploads\/2023\/11\/Psycho-genealogie-reflexologieetcie-200x300.jpg 200w, https:\/\/reflexologieetcie.fr\/wp-content\/uploads\/2023\/11\/Psycho-genealogie-reflexologieetcie-768x1153.jpg 768w, https:\/\/reflexologieetcie.fr\/wp-content\/uploads\/2023\/11\/Psycho-genealogie-reflexologieetcie-1023x1536.jpg 1023w, https:\/\/reflexologieetcie.fr\/wp-content\/uploads\/2023\/11\/Psycho-genealogie-reflexologieetcie.jpg 1280w\" sizes=\"(max-width: 682px) 100vw, 682px\" \/>\t\t\t\t\t\t\t\t\t\t\t\t\t\t\t<\/div>\n\t\t\t\t<\/div>\n\t\t\t\t<\/div>\n\t\t<div class=\"elementor-element elementor-element-9a213b5 e-con-full e-flex e-con e-child\" data-id=\"9a213b5\" data-element_type=\"container\">\n\t\t\t\t<div class=\"elementor-element elementor-element-e843ad6 elementor-widget elementor-widget-heading\" data-id=\"e843ad6\" data-element_type=\"widget\" data-widget_type=\"heading.default\">\n\t\t\t\t<div class=\"elementor-widget-container\">\n\t\t\t\t\t<h2 class=\"elementor-heading-title elementor-size-default\">La psycho-g\u00e9n\u00e9alogie : comprendre d\u2019o\u00f9 l\u2019on vient pour se lib\u00e9rer<\/h2>\t\t\t\t<\/div>\n\t\t\t\t<\/div>\n\t\t\t\t<div class=\"elementor-element elementor-element-14339c5 elementor-widget elementor-widget-text-editor\" data-id=\"14339c5\" data-element_type=\"widget\" data-widget_type=\"text-editor.default\">\n\t\t\t\t<div class=\"elementor-widget-container\">\n\t\t\t\t\t\t\t\t\t<p data-start=\"252\" data-end=\"490\">Nos vies sont souvent influenc\u00e9es par des histoires que nous ne connaissons pas pleinement. Loyaut\u00e9s invisibles, sch\u00e9mas r\u00e9p\u00e9titifs, blocages sans cause apparente\u2026 Et si une partie de ce que nous portons venait de notre lign\u00e9e familiale ?<\/p><p data-start=\"492\" data-end=\"810\">La <strong data-start=\"495\" data-end=\"516\">psycho-g\u00e9n\u00e9alogie<\/strong> explore les liens entre notre histoire personnelle et celle de nos anc\u00eatres. Elle ne cherche pas \u00e0 accuser, mais \u00e0 comprendre. \u00c0 travers l\u2019\u00e9tude de l\u2019arbre g\u00e9n\u00e9alogique, des dates, des transmissions conscientes ou inconscientes, elle met en lumi\u00e8re les h\u00e9ritages \u00e9motionnels qui nous habitent.<\/p><p data-start=\"812\" data-end=\"1150\">En s\u00e9ance, nous partons \u00e0 la rencontre de votre histoire familiale, pour identifier ce qui se rejoue dans votre vie actuelle : blessures, peurs, freins, r\u00e9p\u00e9titions.<br data-start=\"980\" data-end=\"983\" \/>L\u2019objectif ? <strong data-start=\"996\" data-end=\"1045\">Vous lib\u00e9rer de ce qui ne vous appartient pas<\/strong>, redonner une place juste \u00e0 chacun dans le syst\u00e8me familial, et retrouver votre propre pouvoir de choix.<\/p><p data-start=\"1152\" data-end=\"1331\">La psycho-g\u00e9n\u00e9alogie est un outil puissant de gu\u00e9rison, de r\u00e9conciliation et de transformation int\u00e9rieure. En comprenant d\u2019o\u00f9 l\u2019on vient, on peut enfin <strong data-start=\"1304\" data-end=\"1331\">devenir pleinement soi.<\/strong><\/p>\t\t\t\t\t\t\t\t<\/div>\n\t\t\t\t<\/div>\n\t\t\t\t<\/div>\n\t\t\t\t\t<\/div>\n\t\t\t\t<\/div>\n\t\t\t\t<\/div>\n\t\t","protected":false},"excerpt":{"rendered":"<p>Psycho-g\u00e9n\u00e9alogie La psycho-g\u00e9n\u00e9alogie : comprendre d\u2019o\u00f9 l\u2019on vient pour se lib\u00e9rer Nos vies sont souvent influenc\u00e9es par des histoires que nous ne connaissons pas pleinement. Loyaut\u00e9s invisibles, sch\u00e9mas r\u00e9p\u00e9titifs, blocages sans cause apparente\u2026 Et si une partie de ce que nous portons venait de notre lign\u00e9e familiale ? La psycho-g\u00e9n\u00e9alogie explore les liens entre notre [&hellip;]<\/p>\n","protected":false},"author":1,"featured_media":0,"parent":0,"menu_order":0,"comment_status":"closed","ping_status":"closed","template":"","meta":{"footnotes":""},"class_list":["post-674","page","type-page","status-publish","hentry","entry","owp-thumbs-layout-horizontal","owp-btn-big","owp-tabs-layout-horizontal","has-no-thumbnails","has-product-nav"],"yoast_head":"<!-- This site is optimized with the Yoast SEO plugin v25.9 - https:\/\/yoast.com\/wordpress\/plugins\/seo\/ -->\n<title>Psycho-g\u00e9n\u00e9alogie | R\u00e9flexologie &amp; Cie<\/title>\n<meta name=\"description\" content=\"Vous vous int\u00e9ressez \u00e0 la psycho-g\u00e9n\u00e9alogie et vous vous int\u00e9ressez au sujet ? R\u00e9flexologie &amp; Cie vous propose des s\u00e9ances personnalis\u00e9es !\" \/>\n<meta name=\"robots\" content=\"index, follow, max-snippet:-1, max-image-preview:large, max-video-preview:-1\" \/>\n<link rel=\"canonical\" href=\"https:\/\/reflexologieetcie.fr\/index.php\/psycho-genealogie\/\" \/>\n<meta property=\"og:locale\" content=\"fr_FR\" \/>\n<meta property=\"og:type\" content=\"article\" \/>\n<meta property=\"og:title\" content=\"Psycho-g\u00e9n\u00e9alogie | R\u00e9flexologie &amp; Cie\" \/>\n<meta property=\"og:description\" content=\"Vous vous int\u00e9ressez \u00e0 la psycho-g\u00e9n\u00e9alogie et vous vous int\u00e9ressez au sujet ? R\u00e9flexologie &amp; Cie vous propose des s\u00e9ances personnalis\u00e9es !\" \/>\n<meta property=\"og:url\" content=\"https:\/\/reflexologieetcie.fr\/index.php\/psycho-genealogie\/\" \/>\n<meta property=\"og:site_name\" content=\"R\u00e9flexologieetcie\" \/>\n<meta property=\"article:modified_time\" content=\"2025-06-24T08:34:06+00:00\" \/>\n<meta property=\"og:image\" content=\"https:\/\/reflexologieetcie.fr\/wp-content\/uploads\/2023\/11\/Psycho-genealogie-reflexologieetcie-682x1024.jpg\" \/>\n<meta name=\"twitter:card\" content=\"summary_large_image\" \/>\n<meta name=\"twitter:label1\" content=\"Dur\u00e9e de lecture estim\u00e9e\" \/>\n\t<meta name=\"twitter:data1\" content=\"2 minutes\" \/>\n<script type=\"application\/ld+json\" class=\"yoast-schema-graph\">{\"@context\":\"https:\/\/schema.org\",\"@graph\":[{\"@type\":\"WebPage\",\"@id\":\"https:\/\/reflexologieetcie.fr\/index.php\/psycho-genealogie\/\",\"url\":\"https:\/\/reflexologieetcie.fr\/index.php\/psycho-genealogie\/\",\"name\":\"Psycho-g\u00e9n\u00e9alogie | R\u00e9flexologie & Cie\",\"isPartOf\":{\"@id\":\"https:\/\/reflexologieetcie.fr\/#website\"},\"primaryImageOfPage\":{\"@id\":\"https:\/\/reflexologieetcie.fr\/index.php\/psycho-genealogie\/#primaryimage\"},\"image\":{\"@id\":\"https:\/\/reflexologieetcie.fr\/index.php\/psycho-genealogie\/#primaryimage\"},\"thumbnailUrl\":\"https:\/\/reflexologieetcie.fr\/wp-content\/uploads\/2023\/11\/Psycho-genealogie-reflexologieetcie-682x1024.jpg\",\"datePublished\":\"2023-11-08T10:05:57+00:00\",\"dateModified\":\"2025-06-24T08:34:06+00:00\",\"description\":\"Vous vous int\u00e9ressez \u00e0 la psycho-g\u00e9n\u00e9alogie et vous vous int\u00e9ressez au sujet ? R\u00e9flexologie & Cie vous propose des s\u00e9ances personnalis\u00e9es !\",\"breadcrumb\":{\"@id\":\"https:\/\/reflexologieetcie.fr\/index.php\/psycho-genealogie\/#breadcrumb\"},\"inLanguage\":\"fr-FR\",\"potentialAction\":[{\"@type\":\"ReadAction\",\"target\":[\"https:\/\/reflexologieetcie.fr\/index.php\/psycho-genealogie\/\"]}]},{\"@type\":\"ImageObject\",\"inLanguage\":\"fr-FR\",\"@id\":\"https:\/\/reflexologieetcie.fr\/index.php\/psycho-genealogie\/#primaryimage\",\"url\":\"https:\/\/reflexologieetcie.fr\/wp-content\/uploads\/2023\/11\/Psycho-genealogie-reflexologieetcie.jpg\",\"contentUrl\":\"https:\/\/reflexologieetcie.fr\/wp-content\/uploads\/2023\/11\/Psycho-genealogie-reflexologieetcie.jpg\",\"width\":1280,\"height\":1921},{\"@type\":\"BreadcrumbList\",\"@id\":\"https:\/\/reflexologieetcie.fr\/index.php\/psycho-genealogie\/#breadcrumb\",\"itemListElement\":[{\"@type\":\"ListItem\",\"position\":1,\"name\":\"Accueil\",\"item\":\"https:\/\/reflexologieetcie.fr\/\"},{\"@type\":\"ListItem\",\"position\":2,\"name\":\"Psycho-g\u00e9n\u00e9alogie\"}]},{\"@type\":\"WebSite\",\"@id\":\"https:\/\/reflexologieetcie.fr\/#website\",\"url\":\"https:\/\/reflexologieetcie.fr\/\",\"name\":\"R\u00e9flexologieetcie\",\"description\":\"Un site utilisant WordPress\",\"potentialAction\":[{\"@type\":\"SearchAction\",\"target\":{\"@type\":\"EntryPoint\",\"urlTemplate\":\"https:\/\/reflexologieetcie.fr\/?s={search_term_string}\"},\"query-input\":{\"@type\":\"PropertyValueSpecification\",\"valueRequired\":true,\"valueName\":\"search_term_string\"}}],\"inLanguage\":\"fr-FR\"}]}<\/script>\n<!-- \/ Yoast SEO plugin. -->","yoast_head_json":{"title":"Psycho-g\u00e9n\u00e9alogie | R\u00e9flexologie & Cie","description":"Vous vous int\u00e9ressez \u00e0 la psycho-g\u00e9n\u00e9alogie et vous vous int\u00e9ressez au sujet ? R\u00e9flexologie & Cie vous propose des s\u00e9ances personnalis\u00e9es !","robots":{"index":"index","follow":"follow","max-snippet":"max-snippet:-1","max-image-preview":"max-image-preview:large","max-video-preview":"max-video-preview:-1"},"canonical":"https:\/\/reflexologieetcie.fr\/index.php\/psycho-genealogie\/","og_locale":"fr_FR","og_type":"article","og_title":"Psycho-g\u00e9n\u00e9alogie | R\u00e9flexologie & Cie","og_description":"Vous vous int\u00e9ressez \u00e0 la psycho-g\u00e9n\u00e9alogie et vous vous int\u00e9ressez au sujet ? R\u00e9flexologie & Cie vous propose des s\u00e9ances personnalis\u00e9es !","og_url":"https:\/\/reflexologieetcie.fr\/index.php\/psycho-genealogie\/","og_site_name":"R\u00e9flexologieetcie","article_modified_time":"2025-06-24T08:34:06+00:00","og_image":[{"url":"https:\/\/reflexologieetcie.fr\/wp-content\/uploads\/2023\/11\/Psycho-genealogie-reflexologieetcie-682x1024.jpg","type":"","width":"","height":""}],"twitter_card":"summary_large_image","twitter_misc":{"Dur\u00e9e de lecture estim\u00e9e":"2 minutes"},"schema":{"@context":"https:\/\/schema.org","@graph":[{"@type":"WebPage","@id":"https:\/\/reflexologieetcie.fr\/index.php\/psycho-genealogie\/","url":"https:\/\/reflexologieetcie.fr\/index.php\/psycho-genealogie\/","name":"Psycho-g\u00e9n\u00e9alogie | R\u00e9flexologie & Cie","isPartOf":{"@id":"https:\/\/reflexologieetcie.fr\/#website"},"primaryImageOfPage":{"@id":"https:\/\/reflexologieetcie.fr\/index.php\/psycho-genealogie\/#primaryimage"},"image":{"@id":"https:\/\/reflexologieetcie.fr\/index.php\/psycho-genealogie\/#primaryimage"},"thumbnailUrl":"https:\/\/reflexologieetcie.fr\/wp-content\/uploads\/2023\/11\/Psycho-genealogie-reflexologieetcie-682x1024.jpg","datePublished":"2023-11-08T10:05:57+00:00","dateModified":"2025-06-24T08:34:06+00:00","description":"Vous vous int\u00e9ressez \u00e0 la psycho-g\u00e9n\u00e9alogie et vous vous int\u00e9ressez au sujet ? R\u00e9flexologie & Cie vous propose des s\u00e9ances personnalis\u00e9es !","breadcrumb":{"@id":"https:\/\/reflexologieetcie.fr\/index.php\/psycho-genealogie\/#breadcrumb"},"inLanguage":"fr-FR","potentialAction":[{"@type":"ReadAction","target":["https:\/\/reflexologieetcie.fr\/index.php\/psycho-genealogie\/"]}]},{"@type":"ImageObject","inLanguage":"fr-FR","@id":"https:\/\/reflexologieetcie.fr\/index.php\/psycho-genealogie\/#primaryimage","url":"https:\/\/reflexologieetcie.fr\/wp-content\/uploads\/2023\/11\/Psycho-genealogie-reflexologieetcie.jpg","contentUrl":"https:\/\/reflexologieetcie.fr\/wp-content\/uploads\/2023\/11\/Psycho-genealogie-reflexologieetcie.jpg","width":1280,"height":1921},{"@type":"BreadcrumbList","@id":"https:\/\/reflexologieetcie.fr\/index.php\/psycho-genealogie\/#breadcrumb","itemListElement":[{"@type":"ListItem","position":1,"name":"Accueil","item":"https:\/\/reflexologieetcie.fr\/"},{"@type":"ListItem","position":2,"name":"Psycho-g\u00e9n\u00e9alogie"}]},{"@type":"WebSite","@id":"https:\/\/reflexologieetcie.fr\/#website","url":"https:\/\/reflexologieetcie.fr\/","name":"R\u00e9flexologieetcie","description":"Un site utilisant WordPress","potentialAction":[{"@type":"SearchAction","target":{"@type":"EntryPoint","urlTemplate":"https:\/\/reflexologieetcie.fr\/?s={search_term_string}"},"query-input":{"@type":"PropertyValueSpecification","valueRequired":true,"valueName":"search_term_string"}}],"inLanguage":"fr-FR"}]}},"_links":{"self":[{"href":"https:\/\/reflexologieetcie.fr\/index.php\/wp-json\/wp\/v2\/pages\/674","targetHints":{"allow":["GET"]}}],"collection":[{"href":"https:\/\/reflexologieetcie.fr\/index.php\/wp-json\/wp\/v2\/pages"}],"about":[{"href":"https:\/\/reflexologieetcie.fr\/index.php\/wp-json\/wp\/v2\/types\/page"}],"author":[{"embeddable":true,"href":"https:\/\/reflexologieetcie.fr\/index.php\/wp-json\/wp\/v2\/users\/1"}],"replies":[{"embeddable":true,"href":"https:\/\/reflexologieetcie.fr\/index.php\/wp-json\/wp\/v2\/comments?post=674"}],"version-history":[{"count":38,"href":"https:\/\/reflexologieetcie.fr\/index.php\/wp-json\/wp\/v2\/pages\/674\/revisions"}],"predecessor-version":[{"id":2152,"href":"https:\/\/reflexologieetcie.fr\/index.php\/wp-json\/wp\/v2\/pages\/674\/revisions\/2152"}],"wp:attachment":[{"href":"https:\/\/reflexologieetcie.fr\/index.php\/wp-json\/wp\/v2\/media?parent=674"}],"curies":[{"name":"wp","href":"https:\/\/api.w.org\/{rel}","templated":true}]}}